{"id":2376,"date":"2026-06-02T13:53:33","date_gmt":"2026-06-02T11:53:33","guid":{"rendered":"https:\/\/www.islantilla.es\/programacioncultural\/?page_id=2376"},"modified":"2026-08-03T08:54:46","modified_gmt":"2026-08-03T06:54:46","slug":"espectaculos-2026","status":"publish","type":"page","link":"https:\/\/www.islantilla.es\/programacioncultural\/espectaculos-2026\/","title":{"rendered":"ESPECT\u00c1CULOS 2026"},"content":{"rendered":"\n<p class=\"has-light-green-cyan-background-color has-background has-medium-font-size wp-block-paragraph\"><strong>23 de junio. AL AMOR DE LA LUMBRE: VELADA DE CUENTOS FRENTE AL MAR CON LU\u00cdS CORREIA CARMELO<\/strong><\/p>\n\n\n\n<p class=\"wp-block-paragraph\">La m\u00e1gica noche del 23 de junio se celebra frente al fuego en la playa de Islantilla de una forma diferente: en una velada que, al calor de los cuentos, est\u00e1 pensada para a su disfrute en familia.&nbsp;<br>El narrador Lu\u00eds Correia Carmelo presenta el espect\u00e1culo de cuentos para toda la familia&nbsp; &#8216;\u00c9rase una vez&#8230; \u00a1No dos, ni tres!&#8217;.<\/p>\n\n\n<div class=\"wp-block-image\">\n<figure class=\"alignleft size-medium\"><a href=\"https:\/\/www.islantilla.es\/programacioncultural\/wp-content\/uploads\/2026\/06\/Luis-Correia-Carmelo.jpg\"><img decoding=\"async\" src=\"https:\/\/www.islantilla.es\/programacioncultural\/wp-content\/uploads\/2026\/06\/Luis-Correia-Carmelo-200x300.jpg\" alt=\"\" class=\"wp-image-2367\"\/><\/a><\/figure>\n<\/div>\n\n\n<p class=\"wp-block-paragraph\">Por tercer a\u00f1o, tras la participaci\u00f3n de los narradores John Ardila y Martha Escudero, la Mancomunidad de Islantilla celebra la Noche de San Juan recuperando la tradici\u00f3n milenaria en la que toda la familia se re\u00fane alrededor del fuego a escucha historias&#8230; Estro es, al amor de la lumbre, en una velada de cuentos frente al mar.<\/p>\n\n\n\n<p class=\"wp-block-paragraph\">Lu\u00eds Correia naci\u00f3 en Lisboa, pero creci\u00f3 en Brasil, donde vivi\u00f3 hasta la adolescencia. Al regresar a Portugal se interes\u00f3 por las artes esc\u00e9nicas y comenz\u00f3 a colaborar con grupos de teatro desde muy joven. El deseo de reflexionar sobre su propia pr\u00e1ctica art\u00edstica lo llev\u00f3 a licenciarse en Estudios de Teatro, a la vez que daba los primeros pasos en la creaci\u00f3n de su propia compa\u00f1\u00eda. M\u00e1s tarde, se enamor\u00f3 de los cuentos y comenz\u00f3 su camino como narrador oral. Realiz\u00f3 un M\u00e1ster en Estudios Portugueses con una investigaci\u00f3n sobre las &#8216;Representaciones de la Muerte en el Cuento Tradicional Portugu\u00e9s&#8217;, y posteriormente complet\u00f3 un doctorado en Artes, Cultura y Comunicaci\u00f3n con la tesis &#8216;Narraci\u00f3n Oral: un arte performativo&#8217;.<\/p>\n\n\n\n<p class=\"wp-block-paragraph\">A lo largo de su extensa trayectoria profesional ha seguido combinando la puesta en marcha de proyectos de creaci\u00f3n art\u00edstica con la investigaci\u00f3n acad\u00e9mica. En sus espect\u00e1culos de narraci\u00f3n oral, que pueden verse en Portugal, Espa\u00f1a y otros pa\u00edses del entorno, a menudo se acompa\u00f1a musicalmente tocando la concertina. La voz del cuento, con su sabidur\u00eda ancestral cargada de tradici\u00f3n y memoria, se concreta y matiza en la voz propia de este extraordinario narrador de historias.<\/p>\n\n\n\n<figure class=\"wp-block-image size-full\"><a href=\"https:\/\/www.islantilla.es\/programacioncultural\/wp-content\/uploads\/2026\/06\/Cartel-Al-Amor-de-la-Lumbre-23-de-junio-scaled.jpg\"><img loading=\"lazy\" decoding=\"async\" width=\"1810\" height=\"2560\" src=\"https:\/\/www.islantilla.es\/programacioncultural\/wp-content\/uploads\/2026\/06\/Cartel-Al-Amor-de-la-Lumbre-23-de-junio-scaled.jpg\" alt=\"\" class=\"wp-image-2368\" srcset=\"https:\/\/www.islantilla.es\/programacioncultural\/wp-content\/uploads\/2026\/06\/Cartel-Al-Amor-de-la-Lumbre-23-de-junio-scaled.jpg 1810w, https:\/\/www.islantilla.es\/programacioncultural\/wp-content\/uploads\/2026\/06\/Cartel-Al-Amor-de-la-Lumbre-23-de-junio-212x300.jpg 212w, https:\/\/www.islantilla.es\/programacioncultural\/wp-content\/uploads\/2026\/06\/Cartel-Al-Amor-de-la-Lumbre-23-de-junio-724x1024.jpg 724w, https:\/\/www.islantilla.es\/programacioncultural\/wp-content\/uploads\/2026\/06\/Cartel-Al-Amor-de-la-Lumbre-23-de-junio-768x1086.jpg 768w, https:\/\/www.islantilla.es\/programacioncultural\/wp-content\/uploads\/2026\/06\/Cartel-Al-Amor-de-la-Lumbre-23-de-junio-1086x1536.jpg 1086w, https:\/\/www.islantilla.es\/programacioncultural\/wp-content\/uploads\/2026\/06\/Cartel-Al-Amor-de-la-Lumbre-23-de-junio-1448x2048.jpg 1448w\" sizes=\"auto, (max-width: 1810px) 100vw, 1810px\" \/><\/a><\/figure>\n\n\n\n<p class=\"wp-block-paragraph\">El espect\u00e1culo, gratuito, tendr\u00e1 lugar en la playa de Islantilla (frente al Centro Comercial) a partir de las 22:30 horas.&nbsp;<\/p>\n\n\n\n<p class=\"wp-block-paragraph\">Una noche m\u00e1gica donde la presencia del agua y el fuego subrayan la transici\u00f3n que marca el solsticio de verano y con la que arranca, asimismo, la programaci\u00f3n estival de cultura en Islantilla.<\/p>\n\n\n\n<p class=\"has-black-color has-light-green-cyan-background-color has-text-color has-background has-link-color has-medium-font-size wp-elements-1 wp-block-paragraph\"><strong>09 de julio.&nbsp;<\/strong>&#8216;<strong>DEL SINF\u00d3NICO AL CINE&#8217; CONCIERTO DE LA BANDA SINF\u00d3NICA MUNICIPAL DE LEPE<\/strong><\/p>\n\n\n\n<p class=\"wp-block-paragraph\">El Auditorio del Parque de El Camale\u00f3n acoge este concierto de la Banda Sinf\u00f3nica Municipal de Lepe que lleva por t\u00edtulo \u00abDel sinf\u00f3nico al cine\u00bb y que ofrecer\u00e1 a los asistentes un extraordinario recorrido por el repertorio original de esta veterana formaci\u00f3n. Una explosi\u00f3n de ritmos y timbres que se fusionar\u00e1n, en la segunda parte del concierto, de tem\u00e1tica cinematogr\u00e1fica, con las melod\u00edas de algunas de las grandes bandas sonoras de pel\u00edculas de todos los tiempos. El disfrute en familia est\u00e1 asegurado en este fabuloso concierto que nos brinda la oportunidad de deleitarnos escuchando a esta prestigiosa banda sinf\u00f3nica.<\/p>\n\n\n\n<p class=\"wp-block-paragraph\">La Banda Sinf\u00f3nica Municipal de Lepe nace en el a\u00f1o 2008 en el seno de la Escuela Municipal de M\u00fasica de Lepe, formada por el alumnado y profesorado de esta misma. Destaca su programaci\u00f3n de conciertos vinculada a la programaci\u00f3n de Cultura del Ayuntamiento de Lepe, llenando el patio de butacas en cada una de sus actuaciones.<\/p>\n\n\n<div class=\"wp-block-image\">\n<figure class=\"alignleft size-medium is-resized\"><a href=\"https:\/\/www.islantilla.es\/programacioncultural\/wp-content\/uploads\/2026\/06\/IMG_5282-scaled.jpg\"><img loading=\"lazy\" decoding=\"async\" width=\"300\" height=\"200\" src=\"https:\/\/www.islantilla.es\/programacioncultural\/wp-content\/uploads\/2026\/06\/IMG_5282-300x200.jpg\" alt=\"\" class=\"wp-image-2517\" style=\"width:347px;height:auto\" srcset=\"https:\/\/www.islantilla.es\/programacioncultural\/wp-content\/uploads\/2026\/06\/IMG_5282-300x200.jpg 300w, https:\/\/www.islantilla.es\/programacioncultural\/wp-content\/uploads\/2026\/06\/IMG_5282-1024x683.jpg 1024w, https:\/\/www.islantilla.es\/programacioncultural\/wp-content\/uploads\/2026\/06\/IMG_5282-768x512.jpg 768w, https:\/\/www.islantilla.es\/programacioncultural\/wp-content\/uploads\/2026\/06\/IMG_5282-1536x1024.jpg 1536w, https:\/\/www.islantilla.es\/programacioncultural\/wp-content\/uploads\/2026\/06\/IMG_5282-2048x1365.jpg 2048w, https:\/\/www.islantilla.es\/programacioncultural\/wp-content\/uploads\/2026\/06\/IMG_5282-450x300.jpg 450w\" sizes=\"auto, (max-width: 300px) 100vw, 300px\" \/><\/a><\/figure>\n<\/div>\n\n\n<p class=\"wp-block-paragraph\">En el a\u00f1o 2018 recibe el premio bianual de \u2018Embajadora tur\u00edstica\u2019 del pueblo lepero por su constante labor de difusi\u00f3n del nombre de Lepe a trav\u00e9s de toda su actividad. Participa en el a\u00f1o 2019 en el Certamen de Bandas de Andaluc\u00eda celebrado en la localidad de Chauchina (Granada), y representando a la provincia de Huelva.<\/p>\n\n\n\n<p class=\"wp-block-paragraph\">Posteriormente obtiene el segundo premio en el IV Certamen Nacional de Bandas de M\u00fasica \u2018Azuaga, m\u00fasica y cine\u2019 y el reconocimiento a la mejor interpretaci\u00f3n de obra obligada y premio a mejor interpretaci\u00f3n solista en el VI Certamen Nacional de Bandas de M\u00fasica \u2018Villa de Olivares\u2019 celebrado en el verano de 2019.<\/p>\n\n\n\n<p class=\"wp-block-paragraph\">La principal labor de esta formaci\u00f3n, adem\u00e1s de su car\u00e1cter pedag\u00f3gico, es colaborar con todas las instituciones leperas, teniendo como uno de sus m\u00e1s destacados objetivos la recuperaci\u00f3n de tradiciones musicales y la formaci\u00f3n profesional y cultural de todos sus componentes.<\/p>\n\n\n\n<p class=\"wp-block-paragraph\">Con esta actuaci\u00f3n, se inaugura la temporada estival de conciertos y proyecciones impulsada por la Mancomunidad de Islantilla que,&nbsp;a lo largo de los meses de julio y agosto, se celebrar\u00e1n&nbsp;en el Auditorio al aire libre del Parque \u2018El Camale\u00f3n\u2019. Un espacio esc\u00e9nico lleno de encanto, rodeado de pinares, donde disfrutar de las noches de verano en Islantilla. Lepe e Isla Cristina,<\/p>\n\n\n\n<p class=\"wp-block-paragraph\">Actividad de entrada libre y gratuita hasta completar aforo.<\/p>\n\n\n\n<p class=\"wp-block-paragraph\">Auditorio del Parque \u2018El Camal\u00e9on\u2019<\/p>\n\n\n\n<p class=\"wp-block-paragraph\">22:00 horas<\/p>\n\n\n\n<figure class=\"wp-block-image size-full\"><a href=\"https:\/\/www.islantilla.es\/programacioncultural\/wp-content\/uploads\/2026\/06\/Cartel-Banda-Sinfonica-de-Lepe-9-julio-2026-1-scaled.jpg\"><img loading=\"lazy\" decoding=\"async\" width=\"1810\" height=\"2560\" src=\"https:\/\/www.islantilla.es\/programacioncultural\/wp-content\/uploads\/2026\/06\/Cartel-Banda-Sinfonica-de-Lepe-9-julio-2026-1-scaled.jpg\" alt=\"\" class=\"wp-image-2516\" srcset=\"https:\/\/www.islantilla.es\/programacioncultural\/wp-content\/uploads\/2026\/06\/Cartel-Banda-Sinfonica-de-Lepe-9-julio-2026-1-scaled.jpg 1810w, https:\/\/www.islantilla.es\/programacioncultural\/wp-content\/uploads\/2026\/06\/Cartel-Banda-Sinfonica-de-Lepe-9-julio-2026-1-212x300.jpg 212w, https:\/\/www.islantilla.es\/programacioncultural\/wp-content\/uploads\/2026\/06\/Cartel-Banda-Sinfonica-de-Lepe-9-julio-2026-1-724x1024.jpg 724w, https:\/\/www.islantilla.es\/programacioncultural\/wp-content\/uploads\/2026\/06\/Cartel-Banda-Sinfonica-de-Lepe-9-julio-2026-1-768x1086.jpg 768w, https:\/\/www.islantilla.es\/programacioncultural\/wp-content\/uploads\/2026\/06\/Cartel-Banda-Sinfonica-de-Lepe-9-julio-2026-1-1086x1536.jpg 1086w, https:\/\/www.islantilla.es\/programacioncultural\/wp-content\/uploads\/2026\/06\/Cartel-Banda-Sinfonica-de-Lepe-9-julio-2026-1-1448x2048.jpg 1448w\" sizes=\"auto, (max-width: 1810px) 100vw, 1810px\" \/><\/a><\/figure>\n\n\n\n<p class=\"has-light-green-cyan-background-color has-background has-medium-font-size wp-block-paragraph\"><strong>30 de julio. NOCHE DE CARNAVAL<\/strong><\/p>\n\n\n\n<p class=\"wp-block-paragraph\">El Auditorio del Parque El Camale\u00f3n acoge este espect\u00e1culo: una muestra del Carnaval de Isla Cristina, en el que se dar\u00e1n cita las tres agrupaciones ganadoras este a\u00f1o, 2026, en las categor\u00edas Murga, Comparsa y Coro. En concreto, tendr\u00e1n lugar las actuaciones:<\/p>\n\n\n\n<ul class=\"wp-block-list\">\n<li>Las que vienen de empalme y amanecen en Valme (Primer Premio en la categor\u00eda de Murgas)<\/li>\n\n\n\n<li>Mindundi (Primer Premio en la categor\u00eda de Comparsas)<\/li>\n\n\n\n<li>El Esp\u00edritu de la Tierra (Primer Premio en la categor\u00eda de Coros)<\/li>\n<\/ul>\n\n\n<div class=\"wp-block-image\">\n<figure class=\"alignright size-medium is-resized\"><a href=\"https:\/\/www.islantilla.es\/programacioncultural\/wp-content\/uploads\/2026\/07\/comparsa.jpeg\"><img loading=\"lazy\" decoding=\"async\" width=\"300\" height=\"200\" src=\"https:\/\/www.islantilla.es\/programacioncultural\/wp-content\/uploads\/2026\/07\/comparsa-300x200.jpeg\" alt=\"\" class=\"wp-image-2546\" style=\"width:448px;height:auto\" srcset=\"https:\/\/www.islantilla.es\/programacioncultural\/wp-content\/uploads\/2026\/07\/comparsa-300x200.jpeg 300w, https:\/\/www.islantilla.es\/programacioncultural\/wp-content\/uploads\/2026\/07\/comparsa-1024x682.jpeg 1024w, https:\/\/www.islantilla.es\/programacioncultural\/wp-content\/uploads\/2026\/07\/comparsa-768x512.jpeg 768w, https:\/\/www.islantilla.es\/programacioncultural\/wp-content\/uploads\/2026\/07\/comparsa-1536x1023.jpeg 1536w, https:\/\/www.islantilla.es\/programacioncultural\/wp-content\/uploads\/2026\/07\/comparsa-450x300.jpeg 450w, https:\/\/www.islantilla.es\/programacioncultural\/wp-content\/uploads\/2026\/07\/comparsa.jpeg 1600w\" sizes=\"auto, (max-width: 300px) 100vw, 300px\" \/><\/a><\/figure>\n<\/div>\n\n\n<p class=\"wp-block-paragraph\">\u2018Las que viene de empalme y amanecen en Valme\u2019, murga ganadora del Primer Premio en 2026, han cosechado, adem\u00e1s, en la edici\u00f3n de 2024 un Tercer Premio y en 2025 un Primer Premio en su categor\u00eda.<\/p>\n\n\n\n<p class=\"wp-block-paragraph\">Direcci\u00f3n: Paco Contreras y Manuel Rodr\u00edguez \u201cMaska\u201d<br>Letras: Servando C\u00e1rdenas, Sergio C\u00e1rdenas y Manuel Colum\u00e9<br>M\u00fasica: Antonio Rodr\u00edguez \u201cRodri\u201d<\/p>\n\n\n\n<p class=\"wp-block-paragraph\">La comparsa \u2018Mindundi\u2019 ganadora del Primer Premio en el Carnaval de Isla Cristina 2026, en su categor\u00eda, ha cosechado asimismo dos Segundos Premios y dos Primeros Premios en ediciones anteriores.<\/p>\n\n\n\n<p class=\"wp-block-paragraph\">Direcci\u00f3n: Jes\u00fas Rodr\u00edguez y Fran Millan<br>Letras: F\u00e9lix Ant\u00edlopez y Juanlu Camacho<br>M\u00fasica: Fran Mill\u00e1n y Rub\u00e9n Vallejo<\/p>\n\n\n\n<p class=\"wp-block-paragraph\">Despu\u00e9s de nueve a\u00f1os de trayectoria en los que esta agrupaci\u00f3n ha ganado en todas y cada una de las ocasiones el Primer Premio en su categor\u00eda, vuelven al escenario de El Auditorio de El Camale\u00f3n el coro \u2018El Esp\u00edritu de la Tierra\u2019, ganador, tambi\u00e9n del Primer Premio en este 2026.<\/p>\n\n\n\n<p class=\"wp-block-paragraph\">Direcci\u00f3n: Juani Contreras y Mateo Rodr\u00edguez<br>Letras: Ram\u00f3n Contreras, Francisco Gonz\u00e1lez y Roc\u00edo Camacho<br>M\u00fasica: Manuel Jes\u00fas Garrido, Ana Rodr\u00edguez Contreras y Jes\u00fas Rodr\u00edguez Contreras<br>Dise\u00f1o: Anabel Rodr\u00edguez<\/p>\n\n\n\n<p class=\"wp-block-paragraph\">Una tribu ind\u00edgena de la Am\u00e9rica precolombina, unas chicas que salen de marcha durante las Fiestas de El Carmen y un grupo de donnadies\u2026 Con este ramillete de tipos carnavaleros la noche del 30 de julio promete emoci\u00f3n y diversi\u00f3n en una de las veladas preferidas por el p\u00fablico del Auditorio del Parque El Camale\u00f3n, que se ha convertido en todo un cl\u00e1sico de la programaci\u00f3n estival de cultura, La Noche de Carnaval; con la que la Mancomunidad de Islantilla comparte, junto a visitantes, turistas y residentes, una de las tradiciones m\u00e1s arraigadas de la poblaci\u00f3n isle\u00f1a, declarada Fiesta de Inter\u00e9s Tur\u00edstico de Andaluc\u00eda.<\/p>\n\n\n\n<p class=\"wp-block-paragraph\">22:00 horas<br>Auditorio del Parque El Camale\u00f3n<br>Actividad de entrada libre y gratuita hasta completar aforo.<\/p>\n\n\n\n<figure class=\"wp-block-image size-full\"><a href=\"http:\/\/www.islantilla.es\/programacioncultural\/wp-content\/uploads\/2026\/07\/cartel-scaled.jpg\"><img loading=\"lazy\" decoding=\"async\" width=\"1810\" height=\"2560\" src=\"http:\/\/www.islantilla.es\/programacioncultural\/wp-content\/uploads\/2026\/07\/cartel-scaled.jpg\" alt=\"\" class=\"wp-image-2534\" srcset=\"https:\/\/www.islantilla.es\/programacioncultural\/wp-content\/uploads\/2026\/07\/cartel-scaled.jpg 1810w, https:\/\/www.islantilla.es\/programacioncultural\/wp-content\/uploads\/2026\/07\/cartel-212x300.jpg 212w, https:\/\/www.islantilla.es\/programacioncultural\/wp-content\/uploads\/2026\/07\/cartel-724x1024.jpg 724w, https:\/\/www.islantilla.es\/programacioncultural\/wp-content\/uploads\/2026\/07\/cartel-768x1086.jpg 768w, https:\/\/www.islantilla.es\/programacioncultural\/wp-content\/uploads\/2026\/07\/cartel-1086x1536.jpg 1086w, https:\/\/www.islantilla.es\/programacioncultural\/wp-content\/uploads\/2026\/07\/cartel-1448x2048.jpg 1448w\" sizes=\"auto, (max-width: 1810px) 100vw, 1810px\" \/><\/a><\/figure>\n\n\n\n<p class=\"has-light-green-cyan-background-color has-background has-medium-font-size wp-block-paragraph\"><strong>13 de agosto. \u2018UN VIAJE POR ESPA\u00d1A A TRAV\u00c9S DEL PASODOBLE\u2019. CONCIERTO DE LA BANDA DE M\u00daSICA ISLE\u00d1A<\/strong><\/p>\n\n\n\n<p class=\"wp-block-paragraph\">Dentro de su programaci\u00f3n estival de cultura la Mancomunidad de Islantilla presenta este concierto en el Auditorio al aire libre de El Parque El Camale\u00f3n, un escenario privilegiado, en mitad de un entorno natural m\u00e1gico, donde disfrutar las noches de verano en Islantilla.<\/p>\n\n\n\n<p class=\"wp-block-paragraph\">La m\u00fasica tiene la capacidad de transportar a quien la escucha y la propuesta que nos trae la Banda Isle\u00f1a con su concierto \u201cUn viaje por Espa\u00f1a a trav\u00e9s del pasodoble\u201d es precisamente eso: un recorrido muy especial por la geograf\u00eda espa\u00f1ola que, siguiendo los t\u00edtulos de nuestros pasodobles m\u00e1s c\u00e9lebres, llevar\u00e1 al espectador desde el levante mediterr\u00e1neo hasta las dehesas extreme\u00f1as, recorriendo la sierra onubense y su cuenca minera para desembocar frente al Atl\u00e1ntico, all\u00ed donde el Guadiana se funde con el mar.<\/p>\n\n\n<div class=\"wp-block-image\">\n<figure class=\"alignleft size-medium is-resized\"><a href=\"https:\/\/www.islantilla.es\/programacioncultural\/wp-content\/uploads\/2026\/07\/IMG_7584-scaled.jpg\"><img loading=\"lazy\" decoding=\"async\" width=\"300\" height=\"200\" src=\"https:\/\/www.islantilla.es\/programacioncultural\/wp-content\/uploads\/2026\/07\/IMG_7584-300x200.jpg\" alt=\"\" class=\"wp-image-2561\" style=\"width:389px;height:auto\" srcset=\"https:\/\/www.islantilla.es\/programacioncultural\/wp-content\/uploads\/2026\/07\/IMG_7584-300x200.jpg 300w, https:\/\/www.islantilla.es\/programacioncultural\/wp-content\/uploads\/2026\/07\/IMG_7584-1024x683.jpg 1024w, https:\/\/www.islantilla.es\/programacioncultural\/wp-content\/uploads\/2026\/07\/IMG_7584-768x512.jpg 768w, https:\/\/www.islantilla.es\/programacioncultural\/wp-content\/uploads\/2026\/07\/IMG_7584-1536x1024.jpg 1536w, https:\/\/www.islantilla.es\/programacioncultural\/wp-content\/uploads\/2026\/07\/IMG_7584-2048x1365.jpg 2048w, https:\/\/www.islantilla.es\/programacioncultural\/wp-content\/uploads\/2026\/07\/IMG_7584-450x300.jpg 450w\" sizes=\"auto, (max-width: 300px) 100vw, 300px\" \/><\/a><\/figure>\n<\/div>\n\n\n<p class=\"wp-block-paragraph\">La Banda de M\u00fasica Isle\u00f1a naci\u00f3 en 1985 impulsada por la Academia Comarcal de M\u00fasica y su fundador, Carmelo Vicente Ballester. En 1998 gan\u00f3 el primer premio de Andaluc\u00eda en el Certamen de Bandas de M\u00fasica de Ronda y en 2009 alcanz\u00f3 el primer premio en la Secci\u00f3n Tercera del prestigioso Certamen Internacional de Bandas de M\u00fasica Ciudad de Valencia.<br><br>La Isle\u00f1a es una banda que ha sabido modernizarse y ampliar su repertorio ganando versatilidad, para poder integrarse plenamente en la vida cultural de Isla Cristina; como, por ejemplo, su actuaci\u00f3n para la Gala de Santa Cecilia, que celebra cada a\u00f1o la festividad de la patrona de la m\u00fasica en el Teatro Municipal Horacio Noguera, ofreciendo espect\u00e1culos de gran nivel que combinan m\u00fasica, danza y talento local.<\/p>\n\n\n\n<p class=\"wp-block-paragraph\">Es preciso destacar que la Asociaci\u00f3n Cultural Banda de M\u00fasica Isle\u00f1a de Isla Cristina es una de las instituciones musicales m\u00e1s queridas de la localidad, as\u00ed como que la labor de esta banda est\u00e1 \u00edntimamente ligada a la formaci\u00f3n de j\u00f3venes talentos, teniendo, por tanto, el valor a\u00f1adido de impulsar la afici\u00f3n por la m\u00fasica en la zona.<\/p>\n\n\n\n<p class=\"wp-block-paragraph\">\u201cUn viaje por Espa\u00f1a a trav\u00e9s del pasodoble\u201d, el concierto que la Banda de M\u00fasica Isle\u00f1a ofrecer\u00e1 el 13 de agosto en el Auditorio de El Parque El Camale\u00f3n es, efectivamente, todo un viaje. Es una invitaci\u00f3n a recorrer buena parte del mapa sonoro de la geograf\u00eda de nuestra tierra, en la que, en cada parada un t\u00edtulo es mucho m\u00e1s que el nombre de una obra: es un paisaje (\u201cMi Huelva tiene una R\u00eda\u201d), una historia (\u201cEl Gato Mont\u00e9s\u201d) o una forma de entender la vida \u00abEl pueblo salva al pueblo\u00bb). Porque los pasodobles no solo se escuchan, tambi\u00e9n se recorren y sienten; invit\u00e1ndonos a descubrir la riqueza cultural de los lugares que los vieron nacer.<\/p>\n\n\n\n<p class=\"wp-block-paragraph\">Actividad de entrada libre y gratuita hasta completar aforo.<\/p>\n\n\n\n<p class=\"wp-block-paragraph\">Auditorio del Parque \u2018El Camale\u00f3n\u2019<\/p>\n\n\n\n<p class=\"wp-block-paragraph\">22:00 horas<\/p>\n\n\n\n<figure class=\"wp-block-image size-full\"><a href=\"https:\/\/www.islantilla.es\/programacioncultural\/wp-content\/uploads\/2026\/07\/Cartel-banda-de-musica-Islena-2026-scaled.jpg\"><img loading=\"lazy\" decoding=\"async\" width=\"1810\" height=\"2560\" src=\"https:\/\/www.islantilla.es\/programacioncultural\/wp-content\/uploads\/2026\/07\/Cartel-banda-de-musica-Islena-2026-scaled.jpg\" alt=\"\" class=\"wp-image-2555\" srcset=\"https:\/\/www.islantilla.es\/programacioncultural\/wp-content\/uploads\/2026\/07\/Cartel-banda-de-musica-Islena-2026-scaled.jpg 1810w, https:\/\/www.islantilla.es\/programacioncultural\/wp-content\/uploads\/2026\/07\/Cartel-banda-de-musica-Islena-2026-212x300.jpg 212w, https:\/\/www.islantilla.es\/programacioncultural\/wp-content\/uploads\/2026\/07\/Cartel-banda-de-musica-Islena-2026-724x1024.jpg 724w, https:\/\/www.islantilla.es\/programacioncultural\/wp-content\/uploads\/2026\/07\/Cartel-banda-de-musica-Islena-2026-768x1086.jpg 768w, https:\/\/www.islantilla.es\/programacioncultural\/wp-content\/uploads\/2026\/07\/Cartel-banda-de-musica-Islena-2026-1086x1536.jpg 1086w, https:\/\/www.islantilla.es\/programacioncultural\/wp-content\/uploads\/2026\/07\/Cartel-banda-de-musica-Islena-2026-1448x2048.jpg 1448w\" sizes=\"auto, (max-width: 1810px) 100vw, 1810px\" \/><\/a><\/figure>\n\n\n\n<p class=\"has-light-green-cyan-background-color has-background has-medium-font-size wp-block-paragraph\"><strong>20 de agosto. Noche de Canto Coral<\/strong><\/p>\n\n\n\n<p class=\"wp-block-paragraph\">El Auditorio del Parque El Camale\u00f3n re\u00fane en la Noche de Canto Coral a las mejores voces de la polifon\u00eda isle\u00f1a en su escenario al aire libre, donde disfrutar de una velada veraniega en la que la m\u00fasica sobrevuela el pinar y enciende el cielo nocturno de Islantilla.<\/p>\n\n\n\n<p class=\"wp-block-paragraph\">Dentro de su programaci\u00f3n estival de Cultura tendr\u00e1 lugar este espect\u00e1culo que contar\u00e1 con las actuaciones de la Coral Polif\u00f3nica Padre Jos\u00e9 Mirabent y de la Coral Polif\u00f3nia Isla Cristina.<\/p>\n\n\n<div class=\"wp-block-image\">\n<figure class=\"alignleft size-medium is-resized\"><a href=\"https:\/\/www.islantilla.es\/programacioncultural\/wp-content\/uploads\/2026\/08\/foto-Coral-Padre-J.-M.jpeg\"><img loading=\"lazy\" decoding=\"async\" width=\"300\" height=\"225\" src=\"https:\/\/www.islantilla.es\/programacioncultural\/wp-content\/uploads\/2026\/08\/foto-Coral-Padre-J.-M-300x225.jpeg\" alt=\"\" class=\"wp-image-2599\" style=\"width:380px;height:auto\" srcset=\"https:\/\/www.islantilla.es\/programacioncultural\/wp-content\/uploads\/2026\/08\/foto-Coral-Padre-J.-M-300x225.jpeg 300w, https:\/\/www.islantilla.es\/programacioncultural\/wp-content\/uploads\/2026\/08\/foto-Coral-Padre-J.-M-1024x768.jpeg 1024w, https:\/\/www.islantilla.es\/programacioncultural\/wp-content\/uploads\/2026\/08\/foto-Coral-Padre-J.-M-768x576.jpeg 768w, https:\/\/www.islantilla.es\/programacioncultural\/wp-content\/uploads\/2026\/08\/foto-Coral-Padre-J.-M-1536x1152.jpeg 1536w, https:\/\/www.islantilla.es\/programacioncultural\/wp-content\/uploads\/2026\/08\/foto-Coral-Padre-J.-M.jpeg 2000w\" sizes=\"auto, (max-width: 300px) 100vw, 300px\" \/><\/a><\/figure>\n<\/div>\n\n\n<p class=\"wp-block-paragraph\">La Coral Polif\u00f3nica Padre Jos\u00e9 Mirabent, fundada en 1998 bajo la Direcci\u00f3n de Aurelio Jara Rodr\u00edguez, actualmente cuenta con treinta y cinco voces mixtas y una dilatada experiencia. Ha ofrecido numerosos conciertos en decenas de ciudades a lo largo de toda la geograf\u00eda espa\u00f1ola, as\u00ed como en distintas ciudades portuguesas, involucr\u00e1ndose -de hecho- en innovadores proyectos culturales transfronterizos con nuestro pa\u00eds vecino. Destaca por abarcar un variado repertorio que alterna la polifon\u00eda m\u00e1s cl\u00e1sica con polifon\u00eda popular y arreglos vanguardistas de temas actuales.<\/p>\n\n\n\n<p class=\"wp-block-paragraph\">Cabe destacar que, adem\u00e1s de obtener el reconocimiento de ser invitada a participar en un sinn\u00famero de Cert\u00e1menes, Encuentros y Festivales, La Coral Padre Jos\u00e9 Mirabent ha sido premiada en el Certamen Nacional de villancicos y polifon\u00eda \u201cVilla de Rojales\u201d en Alicante.<\/p>\n\n\n\n<p class=\"wp-block-paragraph\">En esta ocasi\u00f3n, para celebrar en el Auditorio del Parque de El Camale\u00f3n la, ya tradicional, Noche de Canto Coral, la formaci\u00f3n presenta un variado repertorio que va del folclore peruano a la opera de Rosini pasando por los tangos de Gardel, entre otros g\u00e9neros; fiel a el estilo ecl\u00e9ctico que caracteriza sus actuaciones.<\/p>\n\n\n\n<p class=\"wp-block-paragraph\">Direcci\u00f3n: Jos\u00e9 A.. Jara Biedma<br>Guitarras: Ra\u00fal Jara, Eugenio Sosa<br>Solistas: Eugenio Sosa, Marilina Mill\u00e1n, Meli Landero, Roc\u00edo Contreras, Enrique L\u00f3pez Diego Cordero\u00e7<\/p>\n\n\n<div class=\"wp-block-image\">\n<figure class=\"alignright size-medium is-resized\"><a href=\"https:\/\/www.islantilla.es\/programacioncultural\/wp-content\/uploads\/2026\/08\/foto-coral-Isla-Cristina.jpg\"><img loading=\"lazy\" decoding=\"async\" width=\"300\" height=\"167\" src=\"https:\/\/www.islantilla.es\/programacioncultural\/wp-content\/uploads\/2026\/08\/foto-coral-Isla-Cristina-300x167.jpg\" alt=\"\" class=\"wp-image-2598\" style=\"aspect-ratio:1.7963454776115992;width:393px;height:auto\" srcset=\"https:\/\/www.islantilla.es\/programacioncultural\/wp-content\/uploads\/2026\/08\/foto-coral-Isla-Cristina-300x167.jpg 300w, https:\/\/www.islantilla.es\/programacioncultural\/wp-content\/uploads\/2026\/08\/foto-coral-Isla-Cristina-768x429.jpg 768w, https:\/\/www.islantilla.es\/programacioncultural\/wp-content\/uploads\/2026\/08\/foto-coral-Isla-Cristina.jpg 828w\" sizes=\"auto, (max-width: 300px) 100vw, 300px\" \/><\/a><\/figure>\n<\/div>\n\n\n<p class=\"wp-block-paragraph\">La Coral Polif\u00f3nica Isla Cristina, fundada por el maestro Vicente Sanch\u00eds en 1981, atesora una s\u00f3lida trayectoria de m\u00e1s de cuarenta y cinco a\u00f1os en la que ha podido ofrecido conciertos en Buenos Aires, La Plata, San Juan, Caracas, Islas Margarita, R\u00edo de Janeiro, Santiago de Chile, Isla Negra, Villa del Mar, Marsella, Oporto y en la mayor parte de las provincias espa\u00f1olas, en lugares tan emblem\u00e1ticos como el Teatro Romano de M\u00e9rida, el Estadio Ol\u00edmpico de Barcelona, el Palau de la M\u00fasica de Valencia, el Teatro Maestranza o los Reales Alc\u00e1zares de Sevilla o en el Auditorio de la Casa Col\u00f3n de Huelva. Ha actuado ante el Papa Juan Pablo II ha acompa\u00f1\u00f3 a solistas de renombre internacional como Monserrat Caball\u00e9 en la ceremonia de inauguraci\u00f3n de los Juegos Paral\u00edmpicos de Barcelona 92; adem\u00e1s de Pilar Jurado, Salvador T\u00e1vora, C\u00e9sar Carazo, o grupos como Jarcha o Alameda.<\/p>\n\n\n\n<p class=\"wp-block-paragraph\">En los \u00faltimos a\u00f1os realizaron giras recorriendo toda Espa\u00f1a, del Norte al Sur e incluso las Islas Canarias o la realizada el pasado a\u00f1o a la isla de Madeira donde han cosechado grandes \u00e9xitos y han dejado en muy alta consideraci\u00f3n el arte musical isle\u00f1o.<br>Es la fundadora del Festival Coral del Atl\u00e1ntico que se celebra en Isla Cristina y que este a\u00f1o alcanzar\u00e1 su XXXIX edici\u00f3n. En dicho festival han participado corales de todo el mundo venidas desde Am\u00e9rica, Asia, Europa como: la Escuela de Canto Coral de Copenhague, el Coro Nacional Voronezh de Rusia, el Coro de Viasa de Caracas, elCoro Nacional de Espa\u00f1a,la Orquesta sinf\u00f3nica de Bergara o la Orquesta y Coro de Bilbao y un largo etc\u00e9tera.<\/p>\n\n\n\n<p class=\"wp-block-paragraph\">Actualmente la agrupaci\u00f3n musical est\u00e1 dirigida por su fundador Vicente Sanchis Sanz y por Virginia Pe\u00f1a Gil. Tiene en torno a 50 componentes, encontr\u00e1ndose algunos j\u00f3venes del grupo cursando estudios musicales reglados; la Coral supone para ellos un complemento a sus inquietudes musicales, d\u00e1ndoles proyecci\u00f3n y promoci\u00f3n.<\/p>\n\n\n\n<p class=\"wp-block-paragraph\">El repertorio de la Coral es muy amplio y diverso, recorre diferentes g\u00e9neros y estilos, desde piezas cl\u00e1sicas y tradicionales en la polifon\u00eda hasta obras m\u00e1s populares y frescas, como la reciente versi\u00f3n de \u201cBohemian Rapsody\u201d del grupo Queen.<\/p>\n\n\n\n<p class=\"wp-block-paragraph\">La cita en el Auditorio de Parque El Camale\u00f3n en esta Noche de Canto Coral se concierte en una nueva oportunidad de disfrutar de us trabajo bajo la experta batuta de su directora art\u00edstica, Virginia Pe\u00f1a Gil, su director em\u00e9rito Vicente Sanch\u00eds y la novel figura de Marta Capilla que combina su actuaci\u00f3n como soprano solista en algunas obras, con la funci\u00f3n de directora adjunta en algunas piezas a largo del repertorio.<\/p>\n\n\n\n<p class=\"wp-block-paragraph\">22:00 horas<br>Auditorio del Parque El Camale\u00f3n<br>Actividad de entrada libre y gratuita hasta completar aforo.<\/p>\n\n\n\n<figure class=\"wp-block-image size-full\"><a href=\"https:\/\/www.islantilla.es\/programacioncultural\/wp-content\/uploads\/2026\/07\/Noche-de-Canto-Coral-2026-scaled.jpg\"><img loading=\"lazy\" decoding=\"async\" width=\"1810\" height=\"2560\" src=\"https:\/\/www.islantilla.es\/programacioncultural\/wp-content\/uploads\/2026\/07\/Noche-de-Canto-Coral-2026-scaled.jpg\" alt=\"\" class=\"wp-image-2588\" srcset=\"https:\/\/www.islantilla.es\/programacioncultural\/wp-content\/uploads\/2026\/07\/Noche-de-Canto-Coral-2026-scaled.jpg 1810w, https:\/\/www.islantilla.es\/programacioncultural\/wp-content\/uploads\/2026\/07\/Noche-de-Canto-Coral-2026-212x300.jpg 212w, https:\/\/www.islantilla.es\/programacioncultural\/wp-content\/uploads\/2026\/07\/Noche-de-Canto-Coral-2026-724x1024.jpg 724w, https:\/\/www.islantilla.es\/programacioncultural\/wp-content\/uploads\/2026\/07\/Noche-de-Canto-Coral-2026-768x1086.jpg 768w, https:\/\/www.islantilla.es\/programacioncultural\/wp-content\/uploads\/2026\/07\/Noche-de-Canto-Coral-2026-1086x1536.jpg 1086w, https:\/\/www.islantilla.es\/programacioncultural\/wp-content\/uploads\/2026\/07\/Noche-de-Canto-Coral-2026-1448x2048.jpg 1448w\" sizes=\"auto, (max-width: 1810px) 100vw, 1810px\" \/><\/a><\/figure>\n","protected":false},"excerpt":{"rendered":"<p>23 de junio. AL AMOR DE LA LUMBRE: VELADA DE CUENTOS FRENTE AL MAR CON LU\u00cdS CORREIA CARMELO La m\u00e1gica noche del 23 de junio se celebra frente al fuego &hellip; <\/p>\n","protected":false},"author":3,"featured_media":0,"parent":0,"menu_order":0,"comment_status":"closed","ping_status":"closed","template":"","meta":{"footnotes":""},"class_list":["post-2376","page","type-page","status-publish","hentry"],"_links":{"self":[{"href":"https:\/\/www.islantilla.es\/programacioncultural\/wp-json\/wp\/v2\/pages\/2376","targetHints":{"allow":["GET"]}}],"collection":[{"href":"https:\/\/www.islantilla.es\/programacioncultural\/wp-json\/wp\/v2\/pages"}],"about":[{"href":"https:\/\/www.islantilla.es\/programacioncultural\/wp-json\/wp\/v2\/types\/page"}],"author":[{"embeddable":true,"href":"https:\/\/www.islantilla.es\/programacioncultural\/wp-json\/wp\/v2\/users\/3"}],"replies":[{"embeddable":true,"href":"https:\/\/www.islantilla.es\/programacioncultural\/wp-json\/wp\/v2\/comments?post=2376"}],"version-history":[{"count":11,"href":"https:\/\/www.islantilla.es\/programacioncultural\/wp-json\/wp\/v2\/pages\/2376\/revisions"}],"predecessor-version":[{"id":2600,"href":"https:\/\/www.islantilla.es\/programacioncultural\/wp-json\/wp\/v2\/pages\/2376\/revisions\/2600"}],"wp:attachment":[{"href":"https:\/\/www.islantilla.es\/programacioncultural\/wp-json\/wp\/v2\/media?parent=2376"}],"curies":[{"name":"wp","href":"https:\/\/api.w.org\/{rel}","templated":true}]}}