{"id":284,"date":"2023-08-10T17:45:53","date_gmt":"2023-08-10T15:45:53","guid":{"rendered":"https:\/\/www.islantilla.es\/?page_id=284"},"modified":"2026-02-05T16:48:29","modified_gmt":"2026-02-05T15:48:29","slug":"lugares-interes","status":"publish","type":"page","link":"https:\/\/www.islantilla.es\/nl\/lugares-interes\/","title":{"rendered":"Interessante plaatsen"},"content":{"rendered":"<div data-elementor-type=\"wp-page\" data-elementor-id=\"284\" class=\"elementor elementor-284\" data-elementor-post-type=\"page\">\n\t\t\t\t<div class=\"elementor-element elementor-element-aa70dc2 e-flex e-con-boxed e-con e-parent\" data-id=\"aa70dc2\" data-element_type=\"container\" data-e-type=\"container\" data-settings=\"{&quot;background_background&quot;:&quot;classic&quot;,&quot;shape_divider_bottom&quot;:&quot;wave-brush&quot;}\">\n\t\t\t\t\t<div class=\"e-con-inner\">\n\t\t\t\t<div class=\"elementor-shape elementor-shape-bottom\" aria-hidden=\"true\" data-negative=\"false\">\n\t\t\t<svg xmlns=\"http:\/\/www.w3.org\/2000\/svg\" viewbox=\"0 0 283.5 27.8\" preserveaspectratio=\"none\">\n\t<path class=\"elementor-shape-fill\" d=\"M283.5,9.7c0,0-7.3,4.3-14,4.6c-6.8,0.3-12.6,0-20.9-1.5c-11.3-2-33.1-10.1-44.7-5.7\ts-12.1,4.6-18,7.4c-6.6,3.2-20,9.6-36.6,9.3C131.6,23.5,99.5,7.2,86.3,8c-1.4,0.1-6.6,0.8-10.5,2c-3.8,1.2-9.4,3.8-17,4.7\tc-3.2,0.4-8.3,1.1-14.2,0.9c-1.5-0.1-6.3-0.4-12-1.6c-5.7-1.2-11-3.1-15.8-3.7C6.5,9.2,0,10.8,0,10.8V0h283.5V9.7z M260.8,11.3\tc-0.7-1-2-0.4-4.3-0.4c-2.3,0-6.1-1.2-5.8-1.1c0.3,0.1,3.1,1.5,6,1.9C259.7,12.2,261.4,12.3,260.8,11.3z M242.4,8.6\tc0,0-2.4-0.2-5.6-0.9c-3.2-0.8-10.3-2.8-15.1-3.5c-8.2-1.1-15.8,0-15.1,0.1c0.8,0.1,9.6-0.6,17.6,1.1c3.3,0.7,9.3,2.2,12.4,2.7\tC239.9,8.7,242.4,8.6,242.4,8.6z M185.2,8.5c1.7-0.7-13.3,4.7-18.5,6.1c-2.1,0.6-6.2,1.6-10,2c-3.9,0.4-8.9,0.4-8.8,0.5\tc0,0.2,5.8,0.8,11.2,0c5.4-0.8,5.2-1.1,7.6-1.6C170.5,14.7,183.5,9.2,185.2,8.5z M199.1,6.9c0.2,0-0.8-0.4-4.8,1.1\tc-4,1.5-6.7,3.5-6.9,3.7c-0.2,0.1,3.5-1.8,6.6-3C197,7.5,199,6.9,199.1,6.9z M283,6c-0.1,0.1-1.9,1.1-4.8,2.5s-6.9,2.8-6.7,2.7\tc0.2,0,3.5-0.6,7.4-2.5C282.8,6.8,283.1,5.9,283,6z M31.3,11.6c0.1-0.2-1.9-0.2-4.5-1.2s-5.4-1.6-7.8-2C15,7.6,7.3,8.5,7.7,8.6\tC8,8.7,15.9,8.3,20.2,9.3c2.2,0.5,2.4,0.5,5.7,1.6S31.2,11.9,31.3,11.6z M73,9.2c0.4-0.1,3.5-1.6,8.4-2.6c4.9-1.1,8.9-0.5,8.9-0.8\tc0-0.3-1-0.9-6.2-0.3S72.6,9.3,73,9.2z M71.6,6.7C71.8,6.8,75,5.4,77.3,5c2.3-0.3,1.9-0.5,1.9-0.6c0-0.1-1.1-0.2-2.7,0.2\tC74.8,5.1,71.4,6.6,71.6,6.7z M93.6,4.4c0.1,0.2,3.5,0.8,5.6,1.8c2.1,1,1.8,0.6,1.9,0.5c0.1-0.1-0.8-0.8-2.4-1.3\tC97.1,4.8,93.5,4.2,93.6,4.4z M65.4,11.1c-0.1,0.3,0.3,0.5,1.9-0.2s2.6-1.3,2.2-1.2s-0.9,0.4-2.5,0.8C65.3,10.9,65.5,10.8,65.4,11.1\tz M34.5,12.4c-0.2,0,2.1,0.8,3.3,0.9c1.2,0.1,2,0.1,2-0.2c0-0.3-0.1-0.5-1.6-0.4C36.6,12.8,34.7,12.4,34.5,12.4z M152.2,21.1\tc-0.1,0.1-2.4-0.3-7.5-0.3c-5,0-13.6-2.4-17.2-3.5c-3.6-1.1,10,3.9,16.5,4.1C150.5,21.6,152.3,21,152.2,21.1z\"\/>\n\t<path class=\"elementor-shape-fill\" d=\"M269.6,18c-0.1-0.1-4.6,0.3-7.2,0c-7.3-0.7-17-3.2-16.6-2.9c0.4,0.3,13.7,3.1,17,3.3\tC267.7,18.8,269.7,18,269.6,18z\"\/>\n\t<path class=\"elementor-shape-fill\" d=\"M227.4,9.8c-0.2-0.1-4.5-1-9.5-1.2c-5-0.2-12.7,0.6-12.3,0.5c0.3-0.1,5.9-1.8,13.3-1.2\tS227.6,9.9,227.4,9.8z\"\/>\n\t<path class=\"elementor-shape-fill\" d=\"M204.5,13.4c-0.1-0.1,2-1,3.2-1.1c1.2-0.1,2,0,2,0.3c0,0.3-0.1,0.5-1.6,0.4\tC206.4,12.9,204.6,13.5,204.5,13.4z\"\/>\n\t<path class=\"elementor-shape-fill\" d=\"M201,10.6c0-0.1-4.4,1.2-6.3,2.2c-1.9,0.9-6.2,3.1-6.1,3.1c0.1,0.1,4.2-1.6,6.3-2.6\tS201,10.7,201,10.6z\"\/>\n\t<path class=\"elementor-shape-fill\" d=\"M154.5,26.7c-0.1-0.1-4.6,0.3-7.2,0c-7.3-0.7-17-3.2-16.6-2.9c0.4,0.3,13.7,3.1,17,3.3\tC152.6,27.5,154.6,26.8,154.5,26.7z\"\/>\n\t<path class=\"elementor-shape-fill\" d=\"M41.9,19.3c0,0,1.2-0.3,2.9-0.1c1.7,0.2,5.8,0.9,8.2,0.7c4.2-0.4,7.4-2.7,7-2.6\tc-0.4,0-4.3,2.2-8.6,1.9c-1.8-0.1-5.1-0.5-6.7-0.4S41.9,19.3,41.9,19.3z\"\/>\n\t<path class=\"elementor-shape-fill\" d=\"M75.5,12.6c0.2,0.1,2-0.8,4.3-1.1c2.3-0.2,2.1-0.3,2.1-0.5c0-0.1-1.8-0.4-3.4,0\tC76.9,11.5,75.3,12.5,75.5,12.6z\"\/>\n\t<path class=\"elementor-shape-fill\" d=\"M15.6,13.2c0-0.1,4.3,0,6.7,0.5c2.4,0.5,5,1.9,5,2c0,0.1-2.7-0.8-5.1-1.4\tC19.9,13.7,15.7,13.3,15.6,13.2z\"\/>\n<\/svg>\t\t<\/div>\n\t\t\t\t<div class=\"elementor-element elementor-element-ac17583 elementor-widget elementor-widget-heading\" data-id=\"ac17583\" data-element_type=\"widget\" data-e-type=\"widget\" data-widget_type=\"heading.default\">\n\t\t\t\t\t<h1 class=\"elementor-heading-title elementor-size-default\">Bezienswaardigheden<\/h1>\t\t\t\t<\/div>\n\t\t\t\t<div class=\"elementor-element elementor-element-9713a72 elementor-widget elementor-widget-text-editor\" data-id=\"9713a72\" data-element_type=\"widget\" data-e-type=\"widget\" data-widget_type=\"text-editor.default\">\n\t\t\t\t\t\t\t\t\t<p>Ontdek de meest charmante hoekjes van Islantilla en omgeving.<\/p>\t\t\t\t\t\t\t\t<\/div>\n\t\t\t\t\t<\/div>\n\t\t\t\t<\/div>\n\t\t<div class=\"elementor-element elementor-element-ffb8bc5 e-grid e-con-boxed e-con e-parent\" data-id=\"ffb8bc5\" data-element_type=\"container\" data-e-type=\"container\">\n\t\t\t\t\t<div class=\"e-con-inner\">\n\t\t<div class=\"elementor-element elementor-element-d3aa1a5 e-con-full e-flex elementor-invisible e-con e-child\" data-id=\"d3aa1a5\" data-element_type=\"container\" data-e-type=\"container\" data-settings=\"{&quot;animation&quot;:&quot;zoomIn&quot;}\">\n\t\t\t\t<div class=\"elementor-element elementor-element-5358c2f elementor-widget elementor-widget-heading\" data-id=\"5358c2f\" data-element_type=\"widget\" data-e-type=\"widget\" data-widget_type=\"heading.default\">\n\t\t\t\t\t<h2 class=\"elementor-heading-title elementor-size-default\">Promenade<\/h2>\t\t\t\t<\/div>\n\t\t\t\t<div class=\"elementor-element elementor-element-19800d3 elementor-widget elementor-widget-image\" data-id=\"19800d3\" data-element_type=\"widget\" data-e-type=\"widget\" data-widget_type=\"image.default\">\n\t\t\t\t\t\t\t\t\t\t\t\t\t\t\t<img fetchpriority=\"high\" decoding=\"async\" width=\"357\" height=\"230\" src=\"https:\/\/www.islantilla.es\/wp-content\/uploads\/2024\/03\/Paseo-Maritimo.webp\" class=\"attachment-large size-large wp-image-1271\" alt=\"Vista del paseo mar\u00edtimo de Islantilla con palmeras y el mar al fondo en un d\u00eda soleado.\" srcset=\"https:\/\/www.islantilla.es\/wp-content\/uploads\/2024\/03\/Paseo-Maritimo.webp 357w, https:\/\/www.islantilla.es\/wp-content\/uploads\/2024\/03\/Paseo-Maritimo-300x193.webp 300w, https:\/\/www.islantilla.es\/wp-content\/uploads\/2024\/03\/Paseo-Maritimo-18x12.webp 18w\" sizes=\"(max-width: 357px) 100vw, 357px\" \/>\t\t\t\t\t\t\t\t\t\t\t\t\t\t\t<\/div>\n\t\t\t\t<div class=\"elementor-element elementor-element-9f8025a elementor-widget elementor-widget-text-editor\" data-id=\"9f8025a\" data-element_type=\"widget\" data-e-type=\"widget\" data-widget_type=\"text-editor.default\">\n\t\t\t\t\t\t\t\t\t<p class=\"font_8 wixui-rich-text__text\"><span class=\"wixui-rich-text__text\">Voetgangersgebied naast het strand van Islantilla. Het is 1400 meter lang en heeft 16 toegangen tot het strand.<\/span><\/p><p class=\"font_8 wixui-rich-text__text\"><span class=\"wixui-rich-text__text\">In de maanden juli en augustus zijn er over de hele lengte ambachtskraampjes te vinden.<\/span><\/p>\t\t\t\t\t\t\t\t<\/div>\n\t\t\t\t<\/div>\n\t\t<div class=\"elementor-element elementor-element-88d1da1 e-con-full e-flex elementor-invisible e-con e-child\" data-id=\"88d1da1\" data-element_type=\"container\" data-e-type=\"container\" data-settings=\"{&quot;animation&quot;:&quot;zoomIn&quot;}\">\n\t\t\t\t<div class=\"elementor-element elementor-element-448cbea elementor-widget elementor-widget-heading\" data-id=\"448cbea\" data-element_type=\"widget\" data-e-type=\"widget\" data-widget_type=\"heading.default\">\n\t\t\t\t\t<h2 class=\"elementor-heading-title elementor-size-default\">Fantasie wandeling<\/h2>\t\t\t\t<\/div>\n\t\t\t\t<div class=\"elementor-element elementor-element-4faa0f0 elementor-widget elementor-widget-image\" data-id=\"4faa0f0\" data-element_type=\"widget\" data-e-type=\"widget\" data-widget_type=\"image.default\">\n\t\t\t\t\t\t\t\t\t\t\t\t\t\t\t<img decoding=\"async\" width=\"357\" height=\"230\" src=\"https:\/\/www.islantilla.es\/wp-content\/uploads\/2024\/03\/Paseo-de-la-Fantasia.webp\" class=\"attachment-large size-large wp-image-1270\" alt=\"Paseo De La Fantas\u00eda\" srcset=\"https:\/\/www.islantilla.es\/wp-content\/uploads\/2024\/03\/Paseo-de-la-Fantasia.webp 357w, https:\/\/www.islantilla.es\/wp-content\/uploads\/2024\/03\/Paseo-de-la-Fantasia-300x193.webp 300w, https:\/\/www.islantilla.es\/wp-content\/uploads\/2024\/03\/Paseo-de-la-Fantasia-18x12.webp 18w\" sizes=\"(max-width: 357px) 100vw, 357px\" \/>\t\t\t\t\t\t\t\t\t\t\t\t\t\t\t<\/div>\n\t\t\t\t<div class=\"elementor-element elementor-element-7bb03ae elementor-widget elementor-widget-text-editor\" data-id=\"7bb03ae\" data-element_type=\"widget\" data-e-type=\"widget\" data-widget_type=\"text-editor.default\">\n\t\t\t\t\t\t\t\t\t<p class=\"font_8 wixui-rich-text__text\">De fantasiewandeling is onderdeel van het Project\u00a0<strong><span class=\"wixui-rich-text__text\">Islantilla Innova+<\/span><\/strong>, een virtueel en augmented reality-programma met film- en animatiekarakters waarmee je foto&#039;s kunt maken: Lisa Simpson, Ladybug, dinosaurus, Mickey Mouse, Spiderman, Minecraft, Frozen, Star Wars, download de mobiele app gratis <strong>\u00ab<\/strong><span class=\"wixui-rich-text__text\"><strong>Islantilla Innova +\u00bb<\/strong>.<\/span><\/p>\t\t\t\t\t\t\t\t<\/div>\n\t\t\t\t<\/div>\n\t\t<div class=\"elementor-element elementor-element-664496a e-con-full e-flex elementor-invisible e-con e-child\" data-id=\"664496a\" data-element_type=\"container\" data-e-type=\"container\" data-settings=\"{&quot;animation&quot;:&quot;zoomIn&quot;}\">\n\t\t\t\t<div class=\"elementor-element elementor-element-26b22e7 elementor-widget elementor-widget-heading\" data-id=\"26b22e7\" data-element_type=\"widget\" data-e-type=\"widget\" data-widget_type=\"heading.default\">\n\t\t\t\t\t<h2 class=\"elementor-heading-title elementor-size-default\">Hall of Fame<\/h2>\t\t\t\t<\/div>\n\t\t\t\t<div class=\"elementor-element elementor-element-2d4c40d elementor-widget elementor-widget-image\" data-id=\"2d4c40d\" data-element_type=\"widget\" data-e-type=\"widget\" data-widget_type=\"image.default\">\n\t\t\t\t\t\t\t\t\t\t\t\t\t\t\t<img decoding=\"async\" width=\"357\" height=\"230\" src=\"https:\/\/www.islantilla.es\/wp-content\/uploads\/2024\/03\/Paseo-de-la-Fama.webp\" class=\"attachment-large size-large wp-image-1269\" alt=\"Paseo De La Fama\" srcset=\"https:\/\/www.islantilla.es\/wp-content\/uploads\/2024\/03\/Paseo-de-la-Fama.webp 357w, https:\/\/www.islantilla.es\/wp-content\/uploads\/2024\/03\/Paseo-de-la-Fama-300x193.webp 300w, https:\/\/www.islantilla.es\/wp-content\/uploads\/2024\/03\/Paseo-de-la-Fama-18x12.webp 18w\" sizes=\"(max-width: 357px) 100vw, 357px\" \/>\t\t\t\t\t\t\t\t\t\t\t\t\t\t\t<\/div>\n\t\t\t\t<div class=\"elementor-element elementor-element-ccf8a18 elementor-widget elementor-widget-text-editor\" data-id=\"ccf8a18\" data-element_type=\"widget\" data-e-type=\"widget\" data-widget_type=\"text-editor.default\">\n\t\t\t\t\t\t\t\t\t<p>Wandeling gewijd aan de meest vooraanstaande persoonlijkheden in de filmwereld die hun stempel hebben gedrukt op hun tijd in de wereld.\u00a0<strong><span class=\"wixui-rich-text__text\">Internationaal filmfestival Bajo La Luna<\/span><\/strong>\u00a0<span class=\"wixui-rich-text__text\">(Islantilla Cineforum)<\/span>\u00a0gevierd tijdens het zomerseizoen.<\/p>\t\t\t\t\t\t\t\t<\/div>\n\t\t\t\t<\/div>\n\t\t<div class=\"elementor-element elementor-element-db44353 e-con-full e-flex elementor-invisible e-con e-child\" data-id=\"db44353\" data-element_type=\"container\" data-e-type=\"container\" data-settings=\"{&quot;animation&quot;:&quot;zoomIn&quot;}\">\n\t\t\t\t<div class=\"elementor-element elementor-element-0c2bcd0 elementor-widget elementor-widget-heading\" data-id=\"0c2bcd0\" data-element_type=\"widget\" data-e-type=\"widget\" data-widget_type=\"heading.default\">\n\t\t\t\t\t<h2 class=\"elementor-heading-title elementor-size-default\">Park &#039;El Camale\u00f3n&#039;<\/h2>\t\t\t\t<\/div>\n\t\t\t\t<div class=\"elementor-element elementor-element-4bd1733 elementor-widget elementor-widget-image\" data-id=\"4bd1733\" data-element_type=\"widget\" data-e-type=\"widget\" data-widget_type=\"image.default\">\n\t\t\t\t\t\t\t\t\t\t\t\t\t\t\t<img loading=\"lazy\" decoding=\"async\" width=\"357\" height=\"230\" src=\"https:\/\/www.islantilla.es\/wp-content\/uploads\/2024\/03\/Parque.webp\" class=\"attachment-large size-large wp-image-1268\" alt=\"Entrada principal del Parque El Camale\u00f3n en Islantilla, Huelva.\" srcset=\"https:\/\/www.islantilla.es\/wp-content\/uploads\/2024\/03\/Parque.webp 357w, https:\/\/www.islantilla.es\/wp-content\/uploads\/2024\/03\/Parque-300x193.webp 300w, https:\/\/www.islantilla.es\/wp-content\/uploads\/2024\/03\/Parque-18x12.webp 18w\" sizes=\"(max-width: 357px) 100vw, 357px\" \/>\t\t\t\t\t\t\t\t\t\t\t\t\t\t\t<\/div>\n\t\t\t\t<div class=\"elementor-element elementor-element-73376e6 elementor-widget elementor-widget-text-editor\" data-id=\"73376e6\" data-element_type=\"widget\" data-e-type=\"widget\" data-widget_type=\"text-editor.default\">\n\t\t\t\t\t\t\t\t\t<p>Uitgebreid natuurpark gelegen in het bovenste deel van Islantilla. Deze aangepaste natuurlijke ruimte respecteert de schoonheid van het inheemse landschap van het gebied, van zijn hoofd. Het heeft een openluchtauditorium, wandelpaden, uitkijkpunt, gastrobar, kinderruimtes, picknickplaatsen, sport-, culturele en actieve recreatiegebieden. enz<\/p>\t\t\t\t\t\t\t\t<\/div>\n\t\t\t\t<\/div>\n\t\t<div class=\"elementor-element elementor-element-cb618f3 e-con-full e-flex elementor-invisible e-con e-child\" data-id=\"cb618f3\" data-element_type=\"container\" data-e-type=\"container\" data-settings=\"{&quot;animation&quot;:&quot;zoomIn&quot;}\">\n\t\t\t\t<div class=\"elementor-element elementor-element-bca934a elementor-widget elementor-widget-heading\" data-id=\"bca934a\" data-element_type=\"widget\" data-e-type=\"widget\" data-widget_type=\"heading.default\">\n\t\t\t\t\t<h2 class=\"elementor-heading-title elementor-size-default\">Islantilla Actief Centrum\n<\/h2>\t\t\t\t<\/div>\n\t\t\t\t<div class=\"elementor-element elementor-element-f326f50 elementor-widget elementor-widget-image\" data-id=\"f326f50\" data-element_type=\"widget\" data-e-type=\"widget\" data-widget_type=\"image.default\">\n\t\t\t\t\t\t\t\t\t\t\t\t\t\t\t<img loading=\"lazy\" decoding=\"async\" width=\"357\" height=\"230\" src=\"https:\/\/www.islantilla.es\/wp-content\/uploads\/2024\/03\/Centro-activo-islantilla.webp\" class=\"attachment-large size-large wp-image-1267\" alt=\"Centro Activo Islantilla\" srcset=\"https:\/\/www.islantilla.es\/wp-content\/uploads\/2024\/03\/Centro-activo-islantilla.webp 357w, https:\/\/www.islantilla.es\/wp-content\/uploads\/2024\/03\/Centro-activo-islantilla-300x193.webp 300w, https:\/\/www.islantilla.es\/wp-content\/uploads\/2024\/03\/Centro-activo-islantilla-18x12.webp 18w\" sizes=\"(max-width: 357px) 100vw, 357px\" \/>\t\t\t\t\t\t\t\t\t\t\t\t\t\t\t<\/div>\n\t\t\t\t<div class=\"elementor-element elementor-element-27fa24d elementor-widget elementor-widget-text-editor\" data-id=\"27fa24d\" data-element_type=\"widget\" data-e-type=\"widget\" data-widget_type=\"text-editor.default\">\n\t\t\t\t\t\t\t\t\t<div id=\"bgLayers_comp-kde8iv2y__item-kde8sfa1\" class=\"MW5IWV\" data-hook=\"bgLayers\">Culturele ruimte waar vertoningen van korte films en speelfilms plaatsvinden.<strong>\u00a0Internationaal filmfestival onder de maan<\/strong>.<\/div>\t\t\t\t\t\t\t\t<\/div>\n\t\t\t\t<\/div>\n\t\t<div class=\"elementor-element elementor-element-5f8e280 e-con-full e-flex elementor-invisible e-con e-child\" data-id=\"5f8e280\" data-element_type=\"container\" data-e-type=\"container\" data-settings=\"{&quot;animation&quot;:&quot;zoomIn&quot;}\">\n\t\t\t\t<div class=\"elementor-element elementor-element-a208c70 elementor-widget elementor-widget-heading\" data-id=\"a208c70\" data-element_type=\"widget\" data-e-type=\"widget\" data-widget_type=\"heading.default\">\n\t\t\t\t\t<h2 class=\"elementor-heading-title elementor-size-default\">Congres- en tentoonstellingspaleis<\/h2>\t\t\t\t<\/div>\n\t\t\t\t<div class=\"elementor-element elementor-element-8de3eee elementor-widget elementor-widget-image\" data-id=\"8de3eee\" data-element_type=\"widget\" data-e-type=\"widget\" data-widget_type=\"image.default\">\n\t\t\t\t\t\t\t\t\t\t\t\t\t\t\t<img loading=\"lazy\" decoding=\"async\" width=\"357\" height=\"230\" src=\"https:\/\/www.islantilla.es\/wp-content\/uploads\/2024\/03\/Palacio.webp\" class=\"attachment-large size-large wp-image-1266\" alt=\"Palacio\" srcset=\"https:\/\/www.islantilla.es\/wp-content\/uploads\/2024\/03\/Palacio.webp 357w, https:\/\/www.islantilla.es\/wp-content\/uploads\/2024\/03\/Palacio-300x193.webp 300w, https:\/\/www.islantilla.es\/wp-content\/uploads\/2024\/03\/Palacio-18x12.webp 18w\" sizes=\"(max-width: 357px) 100vw, 357px\" \/>\t\t\t\t\t\t\t\t\t\t\t\t\t\t\t<\/div>\n\t\t\t\t<div class=\"elementor-element elementor-element-3a48282 elementor-widget elementor-widget-text-editor\" data-id=\"3a48282\" data-element_type=\"widget\" data-e-type=\"widget\" data-widget_type=\"text-editor.default\">\n\t\t\t\t\t\t\t\t\t<p>Het bevindt zich in het Ohtels Islantilla-hotel. Het heeft een capaciteit voor meer dan duizend toeschouwers en twee theaters.<\/p>\t\t\t\t\t\t\t\t<\/div>\n\t\t\t\t<\/div>\n\t\t<div class=\"elementor-element elementor-element-dbc3299 e-con-full e-flex elementor-invisible e-con e-child\" data-id=\"dbc3299\" data-element_type=\"container\" data-e-type=\"container\" data-settings=\"{&quot;animation&quot;:&quot;zoomIn&quot;}\">\n\t\t\t\t<div class=\"elementor-element elementor-element-807568e elementor-widget elementor-widget-heading\" data-id=\"807568e\" data-element_type=\"widget\" data-e-type=\"widget\" data-widget_type=\"heading.default\">\n\t\t\t\t\t<h2 class=\"elementor-heading-title elementor-size-default\">Cabezos-park<\/h2>\t\t\t\t<\/div>\n\t\t\t\t<div class=\"elementor-element elementor-element-67e9d27 elementor-widget elementor-widget-image\" data-id=\"67e9d27\" data-element_type=\"widget\" data-e-type=\"widget\" data-widget_type=\"image.default\">\n\t\t\t\t\t\t\t\t\t\t\t\t\t\t\t<img loading=\"lazy\" decoding=\"async\" width=\"357\" height=\"230\" src=\"https:\/\/www.islantilla.es\/wp-content\/uploads\/2024\/03\/Parque-Cabezos.webp\" class=\"attachment-large size-large wp-image-1265\" alt=\"Sendero entre pinares y zonas ajardinadas del Parque de los Cabezos en Islantilla.\" srcset=\"https:\/\/www.islantilla.es\/wp-content\/uploads\/2024\/03\/Parque-Cabezos.webp 357w, https:\/\/www.islantilla.es\/wp-content\/uploads\/2024\/03\/Parque-Cabezos-300x193.webp 300w, https:\/\/www.islantilla.es\/wp-content\/uploads\/2024\/03\/Parque-Cabezos-18x12.webp 18w\" sizes=\"(max-width: 357px) 100vw, 357px\" \/>\t\t\t\t\t\t\t\t\t\t\t\t\t\t\t<\/div>\n\t\t\t\t<div class=\"elementor-element elementor-element-d847127 elementor-widget elementor-widget-text-editor\" data-id=\"d847127\" data-element_type=\"widget\" data-e-type=\"widget\" data-widget_type=\"text-editor.default\">\n\t\t\t\t\t\t\t\t\t<p><span class=\"wixui-rich-text__text\">Voetgangerspad met een lengte van 3,7 km, ongeveer een uur lang en van lage moeilijkheidsgraad met een spectaculair panoramisch uitzicht op het strand van Islantilla. De hele route zal over asfalt verlopen en biedt een gebied van ups en downs.\u00a0<\/span><span class=\"wixui-rich-text__text\">grenzend<\/span><span class=\"wixui-rich-text__text\">\u00a0de gehele golfbaanroute.<\/span><\/p>\t\t\t\t\t\t\t\t<\/div>\n\t\t\t\t<\/div>\n\t\t<div class=\"elementor-element elementor-element-6d0d13d e-con-full e-flex elementor-invisible e-con e-child\" data-id=\"6d0d13d\" data-element_type=\"container\" data-e-type=\"container\" data-settings=\"{&quot;animation&quot;:&quot;zoomIn&quot;}\">\n\t\t\t\t<div class=\"elementor-element elementor-element-d2de19c elementor-widget elementor-widget-heading\" data-id=\"d2de19c\" data-element_type=\"widget\" data-e-type=\"widget\" data-widget_type=\"heading.default\">\n\t\t\t\t\t<h2 class=\"elementor-heading-title elementor-size-default\">R\u00edo Fr\u00edo Avenue-pad<\/h2>\t\t\t\t<\/div>\n\t\t\t\t<div class=\"elementor-element elementor-element-8dda966 elementor-widget elementor-widget-image\" data-id=\"8dda966\" data-element_type=\"widget\" data-e-type=\"widget\" data-widget_type=\"image.default\">\n\t\t\t\t\t\t\t\t\t\t\t\t\t\t\t<img loading=\"lazy\" decoding=\"async\" width=\"357\" height=\"230\" src=\"https:\/\/www.islantilla.es\/wp-content\/uploads\/2024\/03\/Sendero-Av.webp\" class=\"attachment-large size-large wp-image-1264\" alt=\"Sendero de la Avenida R\u00edo Fr\u00edo en Islantilla.\" srcset=\"https:\/\/www.islantilla.es\/wp-content\/uploads\/2024\/03\/Sendero-Av.webp 357w, https:\/\/www.islantilla.es\/wp-content\/uploads\/2024\/03\/Sendero-Av-300x193.webp 300w, https:\/\/www.islantilla.es\/wp-content\/uploads\/2024\/03\/Sendero-Av-18x12.webp 18w\" sizes=\"(max-width: 357px) 100vw, 357px\" \/>\t\t\t\t\t\t\t\t\t\t\t\t\t\t\t<\/div>\n\t\t\t\t<div class=\"elementor-element elementor-element-76f9f25 elementor-widget elementor-widget-text-editor\" data-id=\"76f9f25\" data-element_type=\"widget\" data-e-type=\"widget\" data-widget_type=\"text-editor.default\">\n\t\t\t\t\t\t\t\t\t<div id=\"bgLayers_comp-kde8iv2y__item-kde8sfa1\" class=\"MW5IWV\" data-hook=\"bgLayers\">Voetgangerspad met een lengte van 3,7 km, minder dan een uur en lage moeilijkheidsgraad. Hij rijdt op zowel beton als gras. Het is een route die visueel dient als keerpunt tussen het natuurlijke groen van Los Cabezos, de golfbaan en het stedelijk gebied.<\/div>\t\t\t\t\t\t\t\t<\/div>\n\t\t\t\t<\/div>\n\t\t<div class=\"elementor-element elementor-element-89b5def e-con-full e-flex elementor-invisible e-con e-child\" data-id=\"89b5def\" data-element_type=\"container\" data-e-type=\"container\" data-settings=\"{&quot;animation&quot;:&quot;zoomIn&quot;}\">\n\t\t\t\t<div class=\"elementor-element elementor-element-31372a7 elementor-widget elementor-widget-heading\" data-id=\"31372a7\" data-element_type=\"widget\" data-e-type=\"widget\" data-widget_type=\"heading.default\">\n\t\t\t\t\t<h2 class=\"elementor-heading-title elementor-size-default\">Islantilla-zipline<\/h2>\t\t\t\t<\/div>\n\t\t\t\t<div class=\"elementor-element elementor-element-e819daa elementor-widget elementor-widget-image\" data-id=\"e819daa\" data-element_type=\"widget\" data-e-type=\"widget\" data-widget_type=\"image.default\">\n\t\t\t\t\t\t\t\t\t\t\t\t\t\t\t<img loading=\"lazy\" decoding=\"async\" width=\"357\" height=\"230\" src=\"https:\/\/www.islantilla.es\/wp-content\/uploads\/2024\/03\/Tirolina-Islantilla.webp\" class=\"attachment-large size-large wp-image-1263\" alt=\"Tirolina del Parque El Camale\u00f3n de Islantilla.\" srcset=\"https:\/\/www.islantilla.es\/wp-content\/uploads\/2024\/03\/Tirolina-Islantilla.webp 357w, https:\/\/www.islantilla.es\/wp-content\/uploads\/2024\/03\/Tirolina-Islantilla-300x193.webp 300w, https:\/\/www.islantilla.es\/wp-content\/uploads\/2024\/03\/Tirolina-Islantilla-18x12.webp 18w\" sizes=\"(max-width: 357px) 100vw, 357px\" \/>\t\t\t\t\t\t\t\t\t\t\t\t\t\t\t<\/div>\n\t\t\t\t<div class=\"elementor-element elementor-element-939de29 elementor-widget elementor-widget-text-editor\" data-id=\"939de29\" data-element_type=\"widget\" data-e-type=\"widget\" data-widget_type=\"text-editor.default\">\n\t\t\t\t\t\t\t\t\t<p>Vanaf de noordelijke toren van CC La Hacienda kunnen we genieten van de langste stedelijke zipline van Europa, die het park \u201cEl Camale\u00f3n\u201d doorkruist, waarbij twee mensen tegelijkertijd kunnen glijden omdat het een dubbele rail heeft.<\/p>\t\t\t\t\t\t\t\t<\/div>\n\t\t\t\t<\/div>\n\t\t<div class=\"elementor-element elementor-element-9db5054 e-con-full e-flex elementor-invisible e-con e-child\" data-id=\"9db5054\" data-element_type=\"container\" data-e-type=\"container\" data-settings=\"{&quot;animation&quot;:&quot;zoomIn&quot;}\">\n\t\t\t\t<div class=\"elementor-element elementor-element-2eca383 elementor-widget elementor-widget-heading\" data-id=\"2eca383\" data-element_type=\"widget\" data-e-type=\"widget\" data-widget_type=\"heading.default\">\n\t\t\t\t\t<h2 class=\"elementor-heading-title elementor-size-default\">Golfbaan<\/h2>\t\t\t\t<\/div>\n\t\t\t\t<div class=\"elementor-element elementor-element-5a09cdd elementor-widget elementor-widget-image\" data-id=\"5a09cdd\" data-element_type=\"widget\" data-e-type=\"widget\" data-widget_type=\"image.default\">\n\t\t\t\t\t\t\t\t\t\t\t\t\t\t\t<img loading=\"lazy\" decoding=\"async\" width=\"357\" height=\"230\" src=\"https:\/\/www.islantilla.es\/wp-content\/uploads\/2024\/03\/Campo-de-Golf.webp\" class=\"attachment-large size-large wp-image-1262\" alt=\"Campo de golf de Islantilla con zonas verdes y vistas al mar.\" srcset=\"https:\/\/www.islantilla.es\/wp-content\/uploads\/2024\/03\/Campo-de-Golf.webp 357w, https:\/\/www.islantilla.es\/wp-content\/uploads\/2024\/03\/Campo-de-Golf-300x193.webp 300w, https:\/\/www.islantilla.es\/wp-content\/uploads\/2024\/03\/Campo-de-Golf-18x12.webp 18w\" sizes=\"(max-width: 357px) 100vw, 357px\" \/>\t\t\t\t\t\t\t\t\t\t\t\t\t\t\t<\/div>\n\t\t\t\t<div class=\"elementor-element elementor-element-90819dc elementor-widget elementor-widget-text-editor\" data-id=\"90819dc\" data-element_type=\"widget\" data-e-type=\"widget\" data-widget_type=\"text-editor.default\">\n\t\t\t\t\t\t\t\t\t<p>Islantilla heeft een van de beste golfbanen in de provincie in een prachtige landschapsomgeving. Het heeft de mogelijkheid om te genieten van 3 golfcircuits van elk 9 holes. De cursus is zo ontworpen dat er verschillende moeilijkheidsgraden zijn.<\/p>\t\t\t\t\t\t\t\t<\/div>\n\t\t\t\t<\/div>\n\t\t\t\t\t<\/div>\n\t\t\t\t<\/div>\n\t\t\t\t<\/div>","protected":false},"excerpt":{"rendered":"<p>Lugares de inter\u00e9s Descubre los rincones con m\u00e1s encanto de Islantilla y su entorno. Paseo Mar\u00edtimo Zona peatonal ubicada junto a la Playa de Islantilla. Tiene una longitud de 1400 metros y cuenta con 16 accesos a la playa. En los meses de julio y agosto es com\u00fan encontrar puestos artesanales a lo largo de [&hellip;]<\/p>\n","protected":false},"author":1,"featured_media":0,"parent":0,"menu_order":0,"comment_status":"closed","ping_status":"closed","template":"elementor_header_footer","meta":{"slim_seo":{"title":"Lugares de Inter\u00e9s | Islantilla","description":"Desc\u00fabrelos: Paseo mar\u00edtimo, Paseo de la Fantas\u00eda, Paseo de la fama, Parque el Camale\u00f3n..."},"footnotes":""},"class_list":["post-284","page","type-page","status-publish","hentry"],"_links":{"self":[{"href":"https:\/\/www.islantilla.es\/nl\/wp-json\/wp\/v2\/pages\/284","targetHints":{"allow":["GET"]}}],"collection":[{"href":"https:\/\/www.islantilla.es\/nl\/wp-json\/wp\/v2\/pages"}],"about":[{"href":"https:\/\/www.islantilla.es\/nl\/wp-json\/wp\/v2\/types\/page"}],"author":[{"embeddable":true,"href":"https:\/\/www.islantilla.es\/nl\/wp-json\/wp\/v2\/users\/1"}],"replies":[{"embeddable":true,"href":"https:\/\/www.islantilla.es\/nl\/wp-json\/wp\/v2\/comments?post=284"}],"version-history":[{"count":14,"href":"https:\/\/www.islantilla.es\/nl\/wp-json\/wp\/v2\/pages\/284\/revisions"}],"predecessor-version":[{"id":7499,"href":"https:\/\/www.islantilla.es\/nl\/wp-json\/wp\/v2\/pages\/284\/revisions\/7499"}],"wp:attachment":[{"href":"https:\/\/www.islantilla.es\/nl\/wp-json\/wp\/v2\/media?parent=284"}],"curies":[{"name":"wp","href":"https:\/\/api.w.org\/{rel}","templated":true}]}}