{"id":7900,"date":"2026-04-16T13:29:09","date_gmt":"2026-04-16T11:29:09","guid":{"rendered":"https:\/\/www.islantilla.es\/?page_id=7900"},"modified":"2026-04-16T13:53:16","modified_gmt":"2026-04-16T11:53:16","slug":"registro-de-actividades-de-tratamiento","status":"publish","type":"page","link":"https:\/\/www.islantilla.es\/fr\/registro-de-actividades-de-tratamiento\/","title":{"rendered":"Registre des activit\u00e9s de traitement"},"content":{"rendered":"<div data-elementor-type=\"wp-page\" data-elementor-id=\"7900\" class=\"elementor elementor-7900\" data-elementor-post-type=\"page\">\n\t\t\t\t<div class=\"elementor-element elementor-element-acb939e e-flex e-con-boxed elementor-invisible e-con e-parent\" data-id=\"acb939e\" data-element_type=\"container\" data-e-type=\"container\" data-settings=\"{&quot;background_background&quot;:&quot;classic&quot;,&quot;animation&quot;:&quot;fadeIn&quot;}\">\n\t\t\t\t\t<div class=\"e-con-inner\">\n\t\t\t\t<div class=\"elementor-element elementor-element-d98831b elementor-widget elementor-widget-heading\" data-id=\"d98831b\" data-element_type=\"widget\" data-e-type=\"widget\" data-widget_type=\"heading.default\">\n\t\t\t\t\t<h2 class=\"elementor-heading-title elementor-size-default\">COMPTE RENDU DES ACTIVIT\u00c9S DE TRAITEMENT<\/h2>\t\t\t\t<\/div>\n\t\t\t\t<div class=\"elementor-element elementor-element-80ac61a elementor-widget elementor-widget-text-editor\" data-id=\"80ac61a\" data-element_type=\"widget\" data-e-type=\"widget\" data-widget_type=\"text-editor.default\">\n\t\t\t\t\t\t\t\t\t<p>RESPECT DES DISPOSITIONS DE L&#039;ARTICLE 30 DU R\u00c8GLEMENT (UE) 2016\/679<\/p>\t\t\t\t\t\t\t\t<\/div>\n\t\t\t\t\t<\/div>\n\t\t\t\t<\/div>\n\t\t<div class=\"elementor-element elementor-element-c5b641e e-flex e-con-boxed elementor-invisible e-con e-parent\" data-id=\"c5b641e\" data-element_type=\"container\" data-e-type=\"container\" data-settings=\"{&quot;animation&quot;:&quot;fadeInUp&quot;}\">\n\t\t\t\t\t<div class=\"e-con-inner\">\n\t\t\t\t<div class=\"elementor-element elementor-element-f08b44c elementor-widget elementor-widget-text-editor\" data-id=\"f08b44c\" data-element_type=\"widget\" data-e-type=\"widget\" data-widget_type=\"text-editor.default\">\n\t\t\t\t\t\t\t\t\t<p>Conform\u00e9ment au consid\u00e9rant 82 du R\u00e8glement g\u00e9n\u00e9ral sur la protection des donn\u00e9es (RGPD), le responsable du traitement doit, pour d\u00e9montrer sa conformit\u00e9 au R\u00e8glement, tenir un registre des activit\u00e9s de traitement dont il a la charge. Il est tenu de coop\u00e9rer avec l\u2019autorit\u00e9 de contr\u00f4le et de mettre ces registres \u00e0 sa disposition sur demande, afin qu\u2019elle puisse les utiliser pour contr\u00f4ler les op\u00e9rations de traitement.<\/p><p>Par cons\u00e9quent, l\u2019entit\u00e9\/professionnelle Mancomunidad de Islantilla, dont le num\u00e9ro d\u2019identification fiscale (CIF\/NIF) est P2100013H et dont l\u2019adresse enregistr\u00e9e \u00e0 des fins de notification est Avenida de Islantilla, s\/n, 21410 \u2013 ISLA CRISTINA (Huelva), a \u00e9tabli le pr\u00e9sent \u201c Registre des activit\u00e9s de traitement \u201d, afin de se conformer aux dispositions de l\u2019article 30 du R\u00e8glement (UE) 2016\/679 du Parlement europ\u00e9en et du Conseil du 27 avril 2016 relatif \u00e0 la protection des personnes physiques \u00e0 l\u2019\u00e9gard du traitement des donn\u00e9es \u00e0 caract\u00e8re personnel et \u00e0 la libre circulation de ces donn\u00e9es et abrogeant la directive 95\/46\/CE (R\u00e8glement g\u00e9n\u00e9ral sur la protection des donn\u00e9es).<\/p><p>Si le responsable du traitement des donn\u00e9es fait partie des entit\u00e9s tenues de le faire en vertu de la r\u00e9glementation en vigueur sur la protection des donn\u00e9es, il doit rendre public et accessible par voie \u00e9lectronique un inventaire de ses activit\u00e9s de traitement.<\/p><p>De m\u00eame, le registre des activit\u00e9s de traitement doit \u00eatre tenu \u00e0 jour, en consignant tout ajout, modification ou suppression de son contenu. Par cons\u00e9quent, ce registre aura une dur\u00e9e de validit\u00e9 maximale d&#039;un an \u00e0 compter de la date suivante\u00a0:<\/p><h5><strong>31\/03\/2026<\/strong><\/h5><p><strong style=\"color: #30a4bb;\">IDENTIFICATION DU RESPONSABLE DU TRAITEMENT DES DONN\u00c9ES<\/strong><\/p><p style=\"padding-left: 40px;\"><u>a) Nom et coordonn\u00e9es du responsable du traitement des donn\u00e9es\u00a0:<\/u><\/p><p style=\"padding-left: 40px;\">\u2013 Nom de l&#039;entreprise \/ Nom et pr\u00e9nom : Association des municipalit\u00e9s d&#039;Islantilla<\/p><p style=\"padding-left: 40px;\">\u2013 CIF\/NIF\u00a0: P2100013H<\/p><p style=\"padding-left: 40px;\">\u2013 Activit\u00e9\u00a0: Administration publique et d\u00e9fense\u00a0; S\u00e9curit\u00e9 sociale obligatoire<\/p><p style=\"padding-left: 40px;\">\u2013 Num\u00e9ro de t\u00e9l\u00e9phone de contact\u00a0: 959486319<\/p><p style=\"padding-left: 40px;\">\u2013 Si\u00e8ge social : Avenue de Islantilla, s\/n, 21410 \u2013 ISLA CRISTINA (Huelva)<\/p><p style=\"padding-left: 40px;\">\u2013 Adresse aux fins de notification : Avenue de Islantilla, s\/n, 21410 \u2013 ISLA CRISTINA (Huelva)<\/p><p style=\"padding-left: 40px;\">\u2013 Adresse \u00e9lectronique de contact\u00a0: informatica@islantilla.es<\/p><p style=\"padding-left: 40px;\">\u2013 Site web (URL) : https:\/\/www.islantilla.es\/<\/p><p style=\"padding-left: 40px;\"><u>b) Nom et coordonn\u00e9es du responsable conjoint :<\/u><\/p><p style=\"padding-left: 40px;\">\u2013 Il n\u2019existe aucun chiffre concernant le contr\u00f4leur conjoint du traitement<\/p><p style=\"padding-left: 40px;\"><u>c) Nom et coordonn\u00e9es du repr\u00e9sentant de la partie responsable\u00a0:<\/u><\/p><p style=\"padding-left: 40px;\">\u2013 Le responsable du traitement des donn\u00e9es est \u00e9tabli sur le territoire de l\u2019Union europ\u00e9enne<\/p><p style=\"padding-left: 40px;\"><u>d) Nom et coordonn\u00e9es du d\u00e9l\u00e9gu\u00e9 \u00e0 la protection des donn\u00e9es\u00a0:<\/u><\/p><p style=\"padding-left: 40px;\">\u2013 Nom de l&#039;entreprise \/ Nom et pr\u00e9nom : AUDIDAT 3.0, SL.<\/p><p style=\"padding-left: 40px;\">\u2013 Adresse courriel de contact\u00a0: DPD@AUDIDAT.COM<\/p><p style=\"padding-left: 40px;\"><u>e) Soci\u00e9t\u00e9s du groupe :<\/u><\/p><p style=\"padding-left: 40px;\">\u2013<\/p>\t\t\t\t\t\t\t\t<\/div>\n\t\t\t\t<div class=\"elementor-element elementor-element-53e13ad elementor-widget elementor-widget-heading\" data-id=\"53e13ad\" data-element_type=\"widget\" data-e-type=\"widget\" data-widget_type=\"heading.default\">\n\t\t\t\t\t<h6 class=\"elementor-heading-title elementor-size-default\">TABLEAU R\u00c9CAPITULATIF DES ACTIVIT\u00c9S DE TRAITEMENT<\/h6>\t\t\t\t<\/div>\n\t\t\t\t<div class=\"elementor-element elementor-element-dd3d502 elementor-widget elementor-widget-image\" data-id=\"dd3d502\" data-element_type=\"widget\" data-e-type=\"widget\" data-widget_type=\"image.default\">\n\t\t\t\t\t\t\t\t\t\t\t\t\t\t\t<img fetchpriority=\"high\" decoding=\"async\" width=\"800\" height=\"223\" src=\"https:\/\/www.islantilla.es\/wp-content\/uploads\/2026\/04\/CUADRO-RESUMEN-DE-LAS-ACTIVIDADES-DE-TRATAMIENTO-1024x286.png\" class=\"attachment-large size-large wp-image-7902\" alt=\"CUADRO RESUMEN DE LAS ACTIVIDADES DE TRATAMIENTO\" srcset=\"https:\/\/www.islantilla.es\/wp-content\/uploads\/2026\/04\/CUADRO-RESUMEN-DE-LAS-ACTIVIDADES-DE-TRATAMIENTO-1024x286.png 1024w, https:\/\/www.islantilla.es\/wp-content\/uploads\/2026\/04\/CUADRO-RESUMEN-DE-LAS-ACTIVIDADES-DE-TRATAMIENTO-300x84.png 300w, https:\/\/www.islantilla.es\/wp-content\/uploads\/2026\/04\/CUADRO-RESUMEN-DE-LAS-ACTIVIDADES-DE-TRATAMIENTO-768x214.png 768w, https:\/\/www.islantilla.es\/wp-content\/uploads\/2026\/04\/CUADRO-RESUMEN-DE-LAS-ACTIVIDADES-DE-TRATAMIENTO-18x5.png 18w, https:\/\/www.islantilla.es\/wp-content\/uploads\/2026\/04\/CUADRO-RESUMEN-DE-LAS-ACTIVIDADES-DE-TRATAMIENTO.png 1268w\" sizes=\"(max-width: 800px) 100vw, 800px\" \/>\t\t\t\t\t\t\t\t\t\t\t\t\t\t\t<\/div>\n\t\t\t\t<div class=\"elementor-element elementor-element-157d365 elementor-widget elementor-widget-text-editor\" data-id=\"157d365\" data-element_type=\"widget\" data-e-type=\"widget\" data-widget_type=\"text-editor.default\">\n\t\t\t\t\t\t\t\t\t<h5><span style=\"text-decoration: underline;\"><strong style=\"color: #30a4bb; text-decoration: underline;\">Activit\u00e9 th\u00e9rapeutique n\u00b0 1<\/strong><\/span><\/h5><p><b>a) Nom de l&#039;activit\u00e9 de traitement\u00a0:<\/b><\/p><p>Respect des droits des individus<\/p><p><b>b) \u00c9tendue g\u00e9ographique de l&#039;activit\u00e9 de traitement\u00a0:<\/b><\/p><p>National<\/p><p><b>c) Nombre de parties concern\u00e9es :<\/b><\/p><p>\u2013 Nombre pr\u00e9cis de parties concern\u00e9es (le chiffre le plus proche possible si le chiffre exact n\u2019est pas disponible) : Il n\u2019est pas possible de le quantifier, m\u00eame approximativement.<\/p><p>\u2013 Proportion approximative de la population correspondante (en supposant un pourcentage pertinent de personnes dans un contexte ou une zone donn\u00e9e)\u00a0: LA QUANTIFICATION, M\u00caME APPROXIMATIVE, EST IMPOSSIBLE<\/p><p><b>d) Description des finalit\u00e9s du traitement\u00a0:<\/b><\/p><p>\u2013 Traitement des donn\u00e9es des personnes concern\u00e9es n\u00e9cessaire pour r\u00e9pondre aux demandes d\u2019exercice des droits adress\u00e9es \u00e0 l\u2019entit\u00e9, conform\u00e9ment aux dispositions des articles 15 \u00e0 22 du R\u00e8glement g\u00e9n\u00e9ral sur la protection des donn\u00e9es.<\/p><p><b>e) Moyens utilis\u00e9s pour la collecte des informations\u00a0:<\/b><\/p><p>\u2013 Formulaire papier<\/p><p>\u2013 Par voie \u00e9lectronique, le cas \u00e9ch\u00e9ant.<\/p><p><b>f) Op\u00e9rations sp\u00e9cifiques \u00e0 effectuer sur les donn\u00e9es personnelles :<\/b><\/p><p>- Collection<\/p><p>- Enregistrer<\/p><p>- Organisation<\/p><p>\u2013 Conservation ou stockage<\/p><p>- Consultation<\/p><p><b>g) Base juridique du traitement \/ crit\u00e8re de l\u00e9gitimit\u00e9 :<\/b><\/p><p>\u2013 Le traitement est fond\u00e9 sur le respect d\u2019une obligation impos\u00e9e au responsable du traitement par une r\u00e9glementation juridiquement contraignante (pr\u00e9ciser si possible)\u00a0:<\/p><p>\u2022 Articles 15 \u00e0 22 du r\u00e8glement (UE) 2016\/679 du Parlement europ\u00e9en et du Conseil du 27 avril 2016 relatif \u00e0 la protection des personnes physiques \u00e0 l\u2019\u00e9gard du traitement des donn\u00e9es \u00e0 caract\u00e8re personnel et \u00e0 la libre circulation de ces donn\u00e9es et abrogeant la directive 95\/46\/CE (r\u00e8glement g\u00e9n\u00e9ral sur la protection des donn\u00e9es).\u00a0<\/p><p><b>h) Si le consentement des personnes concern\u00e9es est requis, identifier les moyens possibles de l\u2019obtenir\u00a0:<\/b><\/p><p><b>i) Description des cat\u00e9gories de parties int\u00e9ress\u00e9es\u00a0:<\/b><\/p><p>-Les personnes physiques propri\u00e9taires des donn\u00e9es.<\/p><p><b>j) Typologie des groupes ou cat\u00e9gories de parties int\u00e9ress\u00e9es\u00a0:<\/b><\/p><p>-Parties int\u00e9ress\u00e9es<\/p><p><b>k) Description de l&#039;origine des donn\u00e9es\u00a0:<\/b><\/p><p>-Les donn\u00e9es personnelles ont \u00e9t\u00e9 obtenues dans le cadre de la demande d&#039;exercice des droits pr\u00e9vus aux articles 15 \u00e0 22 du R\u00e8glement g\u00e9n\u00e9ral sur la protection des donn\u00e9es.<\/p><p><b>l) Typologie de l&#039;origine des donn\u00e9es :<\/b><\/p><p>-La partie int\u00e9ress\u00e9e elle-m\u00eame<\/p><p><b>m) Description des cat\u00e9gories de donn\u00e9es personnelles :<\/b><\/p><p>-Ensemble de donn\u00e9es des parties int\u00e9ress\u00e9es n\u00e9cessaires pour r\u00e9pondre aux demandes de droits adress\u00e9es \u00e0 l&#039;entit\u00e9, conform\u00e9ment aux dispositions des articles 15 \u00e0 22 du R\u00e8glement g\u00e9n\u00e9ral sur la protection des donn\u00e9es.<\/p><p><b>n) Classification des donn\u00e9es \u00e0 caract\u00e8re personnel faisant l\u2019objet d\u2019un traitement\u00a0:<\/b><\/p><p>-Adresse postale<\/p><p>-Adresse email<\/p><p>-Signature \/ Empreinte digitale<\/p><p>-NIF \/ DNI<\/p><p>-Nom et pr\u00e9nom<\/p><p>-Motif de la demande<\/p><p><b>o) Zones d&#039;acc\u00e8s aux donn\u00e9es et type d&#039;acc\u00e8s\u00a0:<\/b><\/p><p>-Administration<\/p><p>-Adresse<\/p><p><b>p) Description des cat\u00e9gories de destinataires \/ transferts ou communications de donn\u00e9es :<\/b><\/p><p>-Aucune production n&#039;a lieu<\/p><p><b>q) Classification des transferts ou communications de donn\u00e9es :<\/b><\/p><p><b>r) Description des cat\u00e9gories de b\u00e9n\u00e9ficiaires dans les pays tiers ou les organisations internationales\u00a0:<\/b><\/p><p>-Aucune production n&#039;a lieu<\/p><p><b>s) Description des d\u00e9lais pr\u00e9vus pour la suppression des diff\u00e9rentes cat\u00e9gories de donn\u00e9es personnelles \/ dur\u00e9es de conservation\u00a0:<\/b><\/p><p>Les donn\u00e9es personnelles seront conserv\u00e9es pendant les d\u00e9lais de prescription des actions d\u00e9coulant de la relation juridique qui fonde le traitement, ainsi que pendant les dur\u00e9es et selon les modalit\u00e9s pr\u00e9vues par la l\u00e9gislation sectorielle applicable. Ceci est notamment pr\u00e9vu pour les clients et utilisateurs d&#039;activit\u00e9s r\u00e9glement\u00e9es, les membres, etc.<\/p><p><b>t) Processeurs de donn\u00e9es :<\/b><\/p><p>Responsable des soins n\u00b0 1<\/p><p>-Nom du processeur de donn\u00e9es\u00a0: Audidat 3.0 SL.<\/p><p>-CIF\/NIF : B02482545<\/p><p>-Adresse de notification : Paseo de la Castellana, n\u00ba 182 6\u00e8me \u00e9tage, 28046 \u2013 Madrid (Madrid)<\/p><p>-Services \u00e0 fournir\u00a0:<\/p><p>\u2022 Services li\u00e9s \u00e0 la r\u00e9glementation sur la protection des donn\u00e9es<\/p><p><b>u) D\u00e9tails des activit\u00e9s de traitement \u00e0 haut risque\u00a0:<\/b><\/p><p style=\"padding-left: 40px;\"><b>Bloc de risque A \u2013 Dommages ou pertes \u00e9conomiques, moraux ou sociaux importants<\/b><\/p><p style=\"padding-left: 40px;\">-En principe, aucun risque sp\u00e9cifique ne ressort de cette section.<\/p><p style=\"padding-left: 40px;\"><b>Bloc de risque B \u2013 Privation de droits et\/ou de m\u00e9canismes de contr\u00f4le<\/b><\/p><p style=\"padding-left: 40px;\">-Le traitement peut priver les personnes concern\u00e9es de leurs droits et libert\u00e9s ou les emp\u00eacher d&#039;exercer un contr\u00f4le sur leurs donn\u00e9es personnelles<\/p><p style=\"padding-left: 40px;\"><b>Bloc de risque C \u2013 Traitement des cat\u00e9gories particuli\u00e8res de donn\u00e9es personnelles<\/b><\/p><p style=\"padding-left: 40px;\">-En principe, aucun risque sp\u00e9cifique ne ressort de cette section.<\/p><p style=\"padding-left: 40px;\"><b>Bloc de risque D \u2013 Cr\u00e9ation ou utilisation de profils d\u2019utilisateurs personnels<\/b><\/p><p style=\"padding-left: 40px;\">-En principe, aucun risque sp\u00e9cifique ne ressort de cette section.<\/p><p style=\"padding-left: 40px;\"><b>Bloc de risque E \u2013 Donn\u00e9es des personnes particuli\u00e8rement vuln\u00e9rables<\/b><\/p><p style=\"padding-left: 40px;\">-En principe, aucun risque sp\u00e9cifique ne ressort de cette section.<\/p><p style=\"padding-left: 40px;\"><b>Bloc de risque F \u2013 Volume de donn\u00e9es<\/b><\/p><p style=\"padding-left: 40px;\">-En principe, aucun risque sp\u00e9cifique ne ressort de cette section.<\/p><p style=\"padding-left: 40px;\"><b>Bloc de risque G \u2013 Transferts vers des \u00c9tats tiers<\/b><\/p><p style=\"padding-left: 40px;\">-En principe, aucun risque sp\u00e9cifique ne ressort de cette section.<\/p><p style=\"padding-left: 40px;\"><b>Bloc de risque H \u2013 Autres hypoth\u00e8ses de risque<\/b><\/p><p style=\"padding-left: 40px;\">-En principe, aucun risque sp\u00e9cifique ne ressort de cette section.<\/p><p><b>v) Niveau de risque :<\/b><\/p><p>- Risque \u00e9lev\u00e9<\/p>\t\t\t\t\t\t\t\t<\/div>\n\t\t\t\t<div class=\"elementor-element elementor-element-8877b95 elementor-widget elementor-widget-text-editor\" data-id=\"8877b95\" data-element_type=\"widget\" data-e-type=\"widget\" data-widget_type=\"text-editor.default\">\n\t\t\t\t\t\t\t\t\t<h5><span style=\"text-decoration: underline;\"><strong style=\"color: #30a4bb; text-decoration: underline;\">Activit\u00e9 th\u00e9rapeutique n\u00b0 2<\/strong><\/span><\/h5><p><b>a) Nom de l&#039;activit\u00e9 de traitement\u00a0:<\/b><\/p><p>Notification et communication des violations de la s\u00e9curit\u00e9 des donn\u00e9es personnelles \u00e0 l&#039;autorit\u00e9 de contr\u00f4le et aux parties int\u00e9ress\u00e9es<\/p><p><b>b) \u00c9tendue g\u00e9ographique de l&#039;activit\u00e9 de traitement\u00a0:<\/b><\/p><p>National<\/p><p><b>c) Nombre de parties concern\u00e9es :<\/b><\/p><p>\u2013 Nombre pr\u00e9cis de parties concern\u00e9es (le chiffre le plus proche possible si le chiffre exact n\u2019est pas disponible) : Il n\u2019est pas possible de le quantifier, m\u00eame approximativement.<\/p><p>\u2013 Proportion approximative de la population correspondante (en supposant un pourcentage pertinent de personnes dans un contexte ou une zone donn\u00e9e)\u00a0: LA QUANTIFICATION, M\u00caME APPROXIMATIVE, EST IMPOSSIBLE<\/p><p><b>d) Description des finalit\u00e9s du traitement\u00a0:<\/b><\/p><p>\u2013 Traitement des donn\u00e9es n\u00e9cessaires \u00e0 la notification et \u00e0 la communication des violations de la s\u00e9curit\u00e9 des donn\u00e9es \u00e0 caract\u00e8re personnel \u00e0 l\u2019autorit\u00e9 de surveillance et aux parties int\u00e9ress\u00e9es, conform\u00e9ment aux dispositions des articles 33 et 34 du R\u00e8glement g\u00e9n\u00e9ral sur la protection des donn\u00e9es.<\/p><p><b>e) Moyens utilis\u00e9s pour la collecte des informations\u00a0:<\/b><\/p><p>\u2013 Formulaire papier<\/p><p>\u2013 Formulaire Web<\/p><p>\u2013 Par voie \u00e9lectronique, le cas \u00e9ch\u00e9ant.<\/p><p><b>f) Op\u00e9rations sp\u00e9cifiques \u00e0 effectuer sur les donn\u00e9es personnelles :<\/b><\/p><p>- Collection<\/p><p>- Enregistrer<\/p><p>- Organisation<\/p><p>\u2013 Conservation ou stockage<\/p><p>- Consultation<\/p><p>\u2013 Communication par transmission<\/p><p><b>g) Base juridique du traitement \/ crit\u00e8re de l\u00e9gitimit\u00e9 :<\/b><\/p><p>\u2013 Le traitement est fond\u00e9 sur le respect d\u2019une obligation impos\u00e9e au responsable du traitement par une r\u00e9glementation juridiquement contraignante (pr\u00e9ciser si possible)\u00a0:<\/p><p>\u2022 Articles 33 et 34 du R\u00e8glement (UE) 2016\/679 du Parlement europ\u00e9en et du Conseil du 27 avril 2016 relatif \u00e0 la protection des personnes physiques \u00e0 l\u2019\u00e9gard du traitement des donn\u00e9es \u00e0 caract\u00e8re personnel et \u00e0 la libre circulation de ces donn\u00e9es et abrogeant la directive 95\/46\/CE (R\u00e8glement g\u00e9n\u00e9ral sur la protection des donn\u00e9es).\u00a0<\/p><p><b>h) Si le consentement des personnes concern\u00e9es est requis, identifier les moyens possibles de l\u2019obtenir\u00a0:<\/b><\/p><p><b>i) Description des cat\u00e9gories de parties int\u00e9ress\u00e9es\u00a0:<\/b><\/p><p>\u2013 Les personnes physiques concern\u00e9es par la violation de la s\u00e9curit\u00e9 des donn\u00e9es personnelles.<\/p><p><b>j) Typologie des groupes ou cat\u00e9gories de parties int\u00e9ress\u00e9es\u00a0:<\/b><\/p><p>-Parties concern\u00e9es<\/p><p><b>k) Description de l&#039;origine des donn\u00e9es\u00a0:<\/b><\/p><p>-Les donn\u00e9es personnelles ont \u00e9t\u00e9 obtenues par le biais des m\u00e9canismes de notification et de gestion des violations de s\u00e9curit\u00e9 mis en place par l&#039;entit\u00e9.<\/p><p><b>l) Typologie de l&#039;origine des donn\u00e9es :<\/b><\/p><p>-La partie int\u00e9ress\u00e9e elle-m\u00eame<\/p><p><b>m) Description des cat\u00e9gories de donn\u00e9es personnelles :<\/b><\/p><p>-Ensemble de donn\u00e9es n\u00e9cessaires \u00e0 la notification et \u00e0 la communication des violations de la s\u00e9curit\u00e9 des donn\u00e9es personnelles \u00e0 l&#039;autorit\u00e9 de surveillance et aux parties int\u00e9ress\u00e9es, conform\u00e9ment aux dispositions des articles 33 et 34 du R\u00e8glement g\u00e9n\u00e9ral sur la protection des donn\u00e9es.<\/p><p><b>n) Classification des donn\u00e9es \u00e0 caract\u00e8re personnel faisant l\u2019objet d\u2019un traitement\u00a0:<\/b><\/p><p>-Adresse postale<\/p><p>-Adresse email<\/p><p>-NIF \/ DNI<\/p><p>-Nom et pr\u00e9nom<\/p><p>-T\u00e9l\u00e9phone<\/p><p>- Caract\u00e9ristiques et cons\u00e9quences possibles d&#039;une violation de la s\u00e9curit\u00e9 des donn\u00e9es.<\/p><p><b>o) Zones d&#039;acc\u00e8s aux donn\u00e9es et type d&#039;acc\u00e8s\u00a0:<\/b><\/p><p>-Adresse<\/p><p>-Administration<\/p><p><b>p) Description des cat\u00e9gories de destinataires \/ transferts ou communications de donn\u00e9es :<\/b><\/p><p><b>Communication de donn\u00e9es n\u00b0 1<\/b><\/p><p>-Identit\u00e9 du destinataire\u00a0: Agence espagnole de protection des donn\u00e9es ou l\u2019autorit\u00e9 de contr\u00f4le r\u00e9gionale comp\u00e9tente<\/p><p>-Type d&#039;activit\u00e9 du destinataire\u00a0: Autorit\u00e9 de contr\u00f4le de la protection des donn\u00e9es<\/p><p>-Objet de la communication\u00a0: Notification de la violation de la s\u00e9curit\u00e9 des donn\u00e9es personnelles<\/p><p><b>q) Classification des transferts ou communications de donn\u00e9es :<\/b><\/p><p>-Autorit\u00e9s de contr\u00f4le de la protection des donn\u00e9es<\/p><p><b>r) Description des cat\u00e9gories de b\u00e9n\u00e9ficiaires dans les pays tiers ou les organisations internationales\u00a0:<\/b><\/p><p>-Aucune production n&#039;a lieu<\/p><p><b>s) Description des d\u00e9lais pr\u00e9vus pour la suppression des diff\u00e9rentes cat\u00e9gories de donn\u00e9es personnelles \/ dur\u00e9es de conservation\u00a0:<\/b><\/p><p>Les donn\u00e9es personnelles seront conserv\u00e9es pendant les d\u00e9lais de prescription des actions d\u00e9coulant de la relation juridique qui fonde le traitement, ainsi que pendant les dur\u00e9es et selon les modalit\u00e9s pr\u00e9vues par la l\u00e9gislation sectorielle applicable. Ceci est notamment pr\u00e9vu pour les clients et utilisateurs d&#039;activit\u00e9s r\u00e9glement\u00e9es, les membres, etc.<\/p><p><b>t) Processeurs de donn\u00e9es :<\/b><\/p><p>Responsable des soins n\u00b0 1<\/p><p>-Nom du processeur de donn\u00e9es\u00a0: Audidat 3.0 SL.<\/p><p>-CIF\/NIF : B02482545<\/p><p>-Adresse de notification : Paseo de la Castellana, n\u00ba 182 6\u00e8me \u00e9tage, 28046 \u2013 Madrid (Madrid)<\/p><p>-Services \u00e0 fournir\u00a0:<\/p><p>\u2022 Services li\u00e9s \u00e0 la r\u00e9glementation sur la protection des donn\u00e9es<\/p><p><b>u) D\u00e9tails des activit\u00e9s de traitement \u00e0 haut risque\u00a0:<\/b><\/p><p style=\"padding-left: 40px;\"><b>Bloc de risque A \u2013 Dommages ou pertes \u00e9conomiques, moraux ou sociaux importants<\/b><\/p><p style=\"padding-left: 40px;\">-En principe, aucun risque sp\u00e9cifique ne ressort de cette section.<\/p><p style=\"padding-left: 40px;\"><b>Bloc de risque B \u2013 Privation de droits et\/ou de m\u00e9canismes de contr\u00f4le<\/b><\/p><p style=\"padding-left: 40px;\">-Le traitement peut priver les personnes concern\u00e9es de leurs droits et libert\u00e9s ou les emp\u00eacher d&#039;exercer un contr\u00f4le sur leurs donn\u00e9es personnelles<\/p><p style=\"padding-left: 40px;\"><b>Bloc de risque C \u2013 Traitement des cat\u00e9gories particuli\u00e8res de donn\u00e9es personnelles<\/b><\/p><p style=\"padding-left: 40px;\">-En principe, aucun risque sp\u00e9cifique ne ressort de cette section.<\/p><p style=\"padding-left: 40px;\"><b>Bloc de risque D \u2013 Cr\u00e9ation ou utilisation de profils d\u2019utilisateurs personnels<\/b><\/p><p style=\"padding-left: 40px;\">-En principe, aucun risque sp\u00e9cifique ne ressort de cette section.<\/p><p style=\"padding-left: 40px;\"><b>Bloc de risque E \u2013 Donn\u00e9es des personnes particuli\u00e8rement vuln\u00e9rables<\/b><\/p><p style=\"padding-left: 40px;\">-En principe, aucun risque sp\u00e9cifique ne ressort de cette section.<\/p><p style=\"padding-left: 40px;\"><b>Bloc de risque F \u2013 Volume de donn\u00e9es<\/b><\/p><p style=\"padding-left: 40px;\">-En principe, aucun risque sp\u00e9cifique ne ressort de cette section.<\/p><p style=\"padding-left: 40px;\"><b>Bloc de risque G \u2013 Transferts vers des \u00c9tats tiers<\/b><\/p><p style=\"padding-left: 40px;\">-En principe, aucun risque sp\u00e9cifique ne ressort de cette section.<\/p><p style=\"padding-left: 40px;\"><b>Bloc de risque H \u2013 Autres hypoth\u00e8ses de risque<\/b><\/p><p style=\"padding-left: 40px;\">-En principe, aucun risque sp\u00e9cifique ne ressort de cette section.<\/p><p><b>v) Niveau de risque :<\/b><\/p><p>- Risque \u00e9lev\u00e9<\/p>\t\t\t\t\t\t\t\t<\/div>\n\t\t\t\t<div class=\"elementor-element elementor-element-9cbbbd6 elementor-widget elementor-widget-text-editor\" data-id=\"9cbbbd6\" data-element_type=\"widget\" data-e-type=\"widget\" data-widget_type=\"text-editor.default\">\n\t\t\t\t\t\t\t\t\t<h5><span style=\"color: #30a4bb;\"><b><u>TRAITEMENT DES DONN\u00c9ES PERSONNELLES POUR LE COMPTE DU RESPONSABLE DU TRAITEMENT<\/u><\/b><\/span><\/h5><h5><span style=\"font-size: 16px;\">Conform\u00e9ment aux dispositions de l&#039;article 28.3 du R\u00e8glement g\u00e9n\u00e9ral sur la protection des donn\u00e9es, le traitement effectu\u00e9 par le sous-traitant est r\u00e9gi par un contrat ou un autre acte juridique relevant du droit de l&#039;Union ou du droit d&#039;un \u00c9tat membre, qui lie le sous-traitant au responsable du traitement et pr\u00e9cise l&#039;objet, la dur\u00e9e, la nature et la finalit\u00e9 du traitement, le type de donn\u00e9es \u00e0 caract\u00e8re personnel et les cat\u00e9gories de personnes concern\u00e9es, ainsi que les obligations et les droits du responsable du traitement.<\/span><\/h5><h5><span style=\"font-size: 16px;\">De m\u00eame, conform\u00e9ment aux dispositions de l\u2019article 5.1 f) du R\u00e8glement g\u00e9n\u00e9ral sur la protection des donn\u00e9es, les donn\u00e9es \u00e0 caract\u00e8re personnel doivent \u00eatre trait\u00e9es de mani\u00e8re \u00e0 assurer une s\u00e9curit\u00e9 appropri\u00e9e des donn\u00e9es \u00e0 caract\u00e8re personnel, y compris la protection contre le traitement non autoris\u00e9 ou illicite et contre la perte, la destruction ou les dommages accidentels, par la mise en \u0153uvre de mesures techniques ou organisationnelles appropri\u00e9es.<\/span><\/h5><h5><span style=\"font-size: 16px;\">Cela n\u00e9cessite la signature, selon le cas, soit d&#039;un accord de traitement des donn\u00e9es personnelles, soit d&#039;un accord de confidentialit\u00e9 et de secret.<\/span><\/h5><h5><span style=\"font-size: 16px;\">Cette section contient la liste des contrats que l\u2019entit\u00e9 responsable du traitement doit signer afin de se conformer aux dispositions des articles 28.3 et 5.1 f) susmentionn\u00e9s du R\u00e8glement g\u00e9n\u00e9ral sur la protection des donn\u00e9es.<br \/><br \/><\/span><\/h5><h5><span style=\"text-decoration: underline;\">Les responsables du traitement<\/span><\/h5>\t\t\t\t\t\t\t\t<\/div>\n\t\t\t\t<div class=\"elementor-element elementor-element-42d658a elementor-widget elementor-widget-image\" data-id=\"42d658a\" data-element_type=\"widget\" data-e-type=\"widget\" data-widget_type=\"image.default\">\n\t\t\t\t\t\t\t\t\t\t\t\t\t\t\t<img decoding=\"async\" width=\"800\" height=\"250\" src=\"https:\/\/www.islantilla.es\/wp-content\/uploads\/2026\/04\/ENCARGADOS-DEL-TRATAMIENTO-DE-DATOS-PERSONALES-POR-CUENTA-DEL-RESPONSABLE-1024x320.png\" class=\"attachment-large size-large wp-image-7916\" alt=\"ENCARGADOS DEL TRATAMIENTO DE DATOS PERSONALES POR CUENTA DEL RESPONSABLE\" srcset=\"https:\/\/www.islantilla.es\/wp-content\/uploads\/2026\/04\/ENCARGADOS-DEL-TRATAMIENTO-DE-DATOS-PERSONALES-POR-CUENTA-DEL-RESPONSABLE-1024x320.png 1024w, https:\/\/www.islantilla.es\/wp-content\/uploads\/2026\/04\/ENCARGADOS-DEL-TRATAMIENTO-DE-DATOS-PERSONALES-POR-CUENTA-DEL-RESPONSABLE-300x94.png 300w, https:\/\/www.islantilla.es\/wp-content\/uploads\/2026\/04\/ENCARGADOS-DEL-TRATAMIENTO-DE-DATOS-PERSONALES-POR-CUENTA-DEL-RESPONSABLE-768x240.png 768w, https:\/\/www.islantilla.es\/wp-content\/uploads\/2026\/04\/ENCARGADOS-DEL-TRATAMIENTO-DE-DATOS-PERSONALES-POR-CUENTA-DEL-RESPONSABLE-18x6.png 18w, https:\/\/www.islantilla.es\/wp-content\/uploads\/2026\/04\/ENCARGADOS-DEL-TRATAMIENTO-DE-DATOS-PERSONALES-POR-CUENTA-DEL-RESPONSABLE.png 1314w\" sizes=\"(max-width: 800px) 100vw, 800px\" \/>\t\t\t\t\t\t\t\t\t\t\t\t\t\t\t<\/div>\n\t\t\t\t<div class=\"elementor-element elementor-element-c33838e elementor-widget elementor-widget-text-editor\" data-id=\"c33838e\" data-element_type=\"widget\" data-e-type=\"widget\" data-widget_type=\"text-editor.default\">\n\t\t\t\t\t\t\t\t\t<h5><span style=\"color: #30a4bb;\"><b><u>MESURES TECHNIQUES ET ORGANISATIONNELLES VIS\u00c9ES \u00c0 L&#039;ARTICLE 32, PARAGRAPHE 1, DU R\u00c8GLEMENT (UE) 2016\/679<\/u><\/b><\/span><\/h5><h5><span style=\"font-size: 16px;\"><b>a) Mesures g\u00e9n\u00e9rales :<\/b><\/span><\/h5><h5><span style=\"font-size: 16px;\">\u2013\u00a0<\/span><span style=\"font-size: 16px; color: inherit; font-family: inherit;\">Aucun n&#039;est utilis\u00e9<\/span><\/h5><h5><span style=\"font-size: 16px;\"><b>b) Concernant la pseudonymisation et le chiffrement des donn\u00e9es personnelles\u00a0:<\/b><\/span><\/h5><h5><span style=\"font-size: 16px;\">\u2013\u00a0<\/span><span style=\"font-size: 16px; color: inherit; font-family: inherit;\">Aucun n&#039;est utilis\u00e9<\/span><\/h5><h5><span style=\"font-size: 16px;\"><b>c) En ce qui concerne la capacit\u00e9 \u00e0 garantir la confidentialit\u00e9, l\u2019int\u00e9grit\u00e9, la disponibilit\u00e9 et la r\u00e9silience continues des syst\u00e8mes et services de traitement\u00a0:<\/b><\/span><\/h5><h5><span style=\"font-size: 16px;\">\u2013\u00a0<\/span><span style=\"font-size: 16px; color: inherit; font-family: inherit;\">Aucun n&#039;est utilis\u00e9<\/span><\/h5><h5><span style=\"font-size: 16px;\"><b>d) Concernant la capacit\u00e9 \u00e0 r\u00e9tablir rapidement la disponibilit\u00e9 et l\u2019acc\u00e8s aux donn\u00e9es personnelles en cas d\u2019incident physique ou technique\u00a0:<\/b><\/span><\/h5><h5><span style=\"font-size: 16px;\">\u2013\u00a0<\/span><span style=\"font-size: 16px; color: inherit; font-family: inherit;\">Aucun n&#039;est utilis\u00e9<\/span><\/h5><h5><span style=\"font-size: 16px;\"><b>e) En ce qui concerne le processus de v\u00e9rification, d\u2019\u00e9valuation et d\u2019appr\u00e9ciation r\u00e9guli\u00e8res de l\u2019efficacit\u00e9 des mesures techniques et organisationnelles visant \u00e0 assurer la s\u00e9curit\u00e9 du traitement\u00a0:<\/b><\/span><\/h5><h5><span style=\"font-size: 16px;\">\u2013\u00a0<\/span><span style=\"color: inherit; font-family: inherit; font-size: 16px;\">Aucun n&#039;est utilis\u00e9<\/span><\/h5>\t\t\t\t\t\t\t\t<\/div>\n\t\t\t\t\t<\/div>\n\t\t\t\t<\/div>\n\t\t\t\t<\/div>","protected":false},"excerpt":{"rendered":"<p>REGISTRO DE LAS ACTIVIDADES DE TRATAMIENTO CUMPLIMIENTO CON LO ESTABLECIDO EN EL ART. 30 DEL REGLAMENTO (UE) 2016\/679 De conformidad con lo se\u00f1alado en el considerando 82 del Reglamento general de protecci\u00f3n de datos, para demostrar la conformidad con el mismo, el responsable del tratamiento debe mantener registros de las actividades de tratamiento bajo su [&hellip;]<\/p>\n","protected":false},"author":12,"featured_media":0,"parent":0,"menu_order":0,"comment_status":"closed","ping_status":"closed","template":"","meta":{"slim_seo":{"title":"Registro de Actividades de Tratamiento - Islantilla","description":"REGISTRO DE LAS ACTIVIDADES DE TRATAMIENTO CUMPLIMIENTO CON LO ESTABLECIDO EN EL ART. 30 DEL REGLAMENTO (UE) 2016\/679 De conformidad con lo se\u00f1alado en el consi"},"footnotes":""},"class_list":["post-7900","page","type-page","status-publish","hentry"],"_links":{"self":[{"href":"https:\/\/www.islantilla.es\/fr\/wp-json\/wp\/v2\/pages\/7900","targetHints":{"allow":["GET"]}}],"collection":[{"href":"https:\/\/www.islantilla.es\/fr\/wp-json\/wp\/v2\/pages"}],"about":[{"href":"https:\/\/www.islantilla.es\/fr\/wp-json\/wp\/v2\/types\/page"}],"author":[{"embeddable":true,"href":"https:\/\/www.islantilla.es\/fr\/wp-json\/wp\/v2\/users\/12"}],"replies":[{"embeddable":true,"href":"https:\/\/www.islantilla.es\/fr\/wp-json\/wp\/v2\/comments?post=7900"}],"version-history":[{"count":25,"href":"https:\/\/www.islantilla.es\/fr\/wp-json\/wp\/v2\/pages\/7900\/revisions"}],"predecessor-version":[{"id":7929,"href":"https:\/\/www.islantilla.es\/fr\/wp-json\/wp\/v2\/pages\/7900\/revisions\/7929"}],"wp:attachment":[{"href":"https:\/\/www.islantilla.es\/fr\/wp-json\/wp\/v2\/media?parent=7900"}],"curies":[{"name":"wp","href":"https:\/\/api.w.org\/{rel}","templated":true}]}}