{"id":326,"date":"2023-04-21T09:44:45","date_gmt":"2023-04-21T09:44:45","guid":{"rendered":"http:\/\/www.islantilla.es\/festivalartesyletras\/?page_id=326"},"modified":"2026-04-27T09:18:29","modified_gmt":"2026-04-27T07:18:29","slug":"prensa","status":"publish","type":"page","link":"https:\/\/www.islantilla.es\/festivalartesyletras\/index.php\/prensa\/","title":{"rendered":"PRENSA"},"content":{"rendered":"\n<h2 class=\"wp-block-heading has-x-large-font-size\" id=\"we-re-a-studio-in-berlin-with-an-international-practice-in-architecture-urban-planning-and-interior-design-we-believe-in-sharing-knowledge-and-promoting-dialogue-to-increase-the-creative-potential-of-collaboration\"><strong><span style=\"color: #ffcc00;\"><strong><strong><span style=\"color: #ffcc00;\"><strong>2026<\/strong><\/span><\/strong><\/strong><\/span><\/strong><\/h2>\n\n\n\n<p class=\"has-pale-ocean-gradient-background has-background has-medium-font-size wp-block-paragraph\"><strong><em>25\/04\/2026<\/em><\/strong> &#8211; La V edici\u00f3n del Concurso de Pintura R\u00e1pida &#8216;Colores de Islantilla&#8217; pone broche final al quinto Festival de las Artes y las Letras<\/p>\n\n\n\n<p class=\"has-medium-font-size wp-block-paragraph\"><a href=\"https:\/\/www.islantilla.es\/festivalartesyletras\/index.php\/2026\/04\/25\/la-v-edicion-del-concurso-de-pintura-rapida-colores-de-islantilla-pone-broche-final-al-quinto-festival-de-las-artes-y-las-letras\/\">Seguir leyendo&#8230;<\/a><\/p>\n\n\n\n<p class=\"has-pale-ocean-gradient-background has-background has-medium-font-size wp-block-paragraph\"><strong><em>23\/04\/2026<\/em><\/strong> &#8211; &nbsp;<em>La trampa<\/em>, de Ra\u00fal Clavero Bl\u00e1zquez, e <em>Inventario<\/em>, de Antonio Miguel Garc\u00eda Corral, se alzan con los premios del concurso literario del V Festival de las Artes y las Letras de Islantilla.<\/p>\n\n\n\n<p class=\"wp-block-paragraph\"><a href=\"https:\/\/www.islantilla.es\/festivalartesyletras\/index.php\/2026\/04\/23\/la-trampa-de-raul-clavero-blazquez-e-inventario-de-antonio-miguel-garcia-corral-se-alzan-con-los-premios-del-concurso-literario-del-v-festival-de-las-artes-y-las-letras-de-islantilla\/\">Seguir leyendo&#8230;<\/a><\/p>\n\n\n\n<p class=\"has-pale-ocean-gradient-background has-background has-medium-font-size wp-block-paragraph\"><strong><em>20\/04\/2026<\/em><\/strong> &#8211; Mancomunidad de Islantilla renueva su convenio decolaboraci\u00f3n con la asociaci\u00f3n sin \u00e1nimo de lucro Ayre Solidario.<\/p>\n\n\n\n<p class=\"wp-block-paragraph\"><a href=\"https:\/\/www.islantilla.es\/festivalartesyletras\/index.php\/2026\/04\/20\/mancomunidad-de-islantilla-renueva-su-convenio-decolaboracion-con-la-asociacion-sin-animo-de-lucro-ayre-solidario\/\">Seguir leyendo&#8230;<\/a><\/p>\n\n\n\n<p class=\"has-pale-ocean-gradient-background has-background has-medium-font-size wp-block-paragraph\"><strong><em>20\/04\/2026<\/em><\/strong> &#8211; Islantilla inaugura la V edici\u00f3n de su Festival de las Artes y las Letras con la exposici\u00f3n \u2018Colectiva John Holland\u2019 y el taller \u2018MeditArte\u2019 de mindfulness mediante la contemplaci\u00f3n de cuadros.<\/p>\n\n\n\n<p class=\"wp-block-paragraph\"><a href=\"https:\/\/www.islantilla.es\/festivalartesyletras\/index.php\/2026\/04\/20\/islantilla-inaugura-la-v-edicion-de-su-festival-de-las-artes-ylas-letras-con-la-exposicion-colectiva-john-holland-y-el-taller-meditarte-de-mindfulness-mediante-la-c\/\">Seguir leyendo&#8230;<\/a><\/p>\n\n\n\n<p class=\"has-pale-ocean-gradient-background has-background has-medium-font-size wp-block-paragraph\"><strong><em>13\/04\/2026<\/em><\/strong> &#8211; Islantilla presenta la V edici\u00f3n del Festival de las Artes y las Letras, una cita consolidada con la cultura del 20 al 25 de abril.<\/p>\n\n\n\n<p class=\"wp-block-paragraph\"><a href=\"https:\/\/www.islantilla.es\/festivalartesyletras\/index.php\/2026\/04\/14\/islantilla-presenta-la-v-edicion-del-festival-de-las-artes-y-las-letras-una-cita-consolidada-con-la-cultura-del-20-al-25-de-abril\/\">Seguir leyendo&#8230;<\/a><\/p>\n\n\n\n<p class=\"has-pale-ocean-gradient-background has-background has-medium-font-size wp-block-paragraph\"><strong><em>19\/03\/2026<\/em><\/strong> &#8211; Mancomunidad de Islantilla firma un convenio con la Asociaci\u00f3n Cultural Pintor Santana y la John Holland Gallery para crear un taller de arteterapia y mindfulness.<\/p>\n\n\n\n<p class=\"wp-block-paragraph\"><a href=\"https:\/\/www.islantilla.es\/festivalartesyletras\/index.php\/2026\/03\/19\/mancomunidad-de-islantilla-firma-un-convenio-conla-asociacion-cultural-pintor-santana-y-la-john-hollandgallery-para-crear-un-taller-de-arteterapia-y-mindfulness\/\">Seguir leyendo&#8230;<\/a><\/p>\n\n\n\n<p class=\"has-pale-ocean-gradient-background has-background has-medium-font-size wp-block-paragraph\"><strong><em>04\/02\/2026<\/em><\/strong> &#8211; Islantilla publica las bases de la quinta edici\u00f3n de su Festival de las Artes y las Letras, que se celebrar\u00e1 del 20 al 25 de abril.<\/p>\n\n\n\n<p class=\"wp-block-paragraph\"><a href=\"https:\/\/www.islantilla.es\/festivalartesyletras\/index.php\/2026\/02\/04\/islantilla-publica-las-bases-de-la-quinta-edicion-de-su-festival-de-las-artes-y-las-letras-que-se-celebrara-del-20-al-25-de-abril\/\">Seguir leyendo&#8230;<\/a><\/p>\n\n\n\n<hr class=\"wp-block-separator has-alpha-channel-opacity is-style-dots\"\/>\n\n\n\n<h2 class=\"wp-block-heading has-x-large-font-size\"><span style=\"color: #ffcc00;\"><strong><strong><span style=\"color: #ffcc00;\"><strong><strong><span style=\"color: #ffcc00;\"><strong>2025<\/strong><\/span><\/strong><\/strong><\/span><\/strong><\/strong><\/span><\/h2>\n\n\n\n<p class=\"has-pale-ocean-gradient-background has-background has-medium-font-size wp-block-paragraph\"><strong><em>27\/04\/2025<\/em><\/strong> &#8211; La IV edici\u00f3n del Concurso de Pintura R\u00e1pida \u2018Colores de Islantilla\u2019 pone broche final al cuarto Festival de las Artes y las Letras.<\/p>\n\n\n\n<p class=\"wp-block-paragraph\"><a href=\"https:\/\/www.islantilla.es\/festivalartesyletras\/index.php\/2025\/04\/27\/la-iv-edicion-del-concurso-de-pintura-rapida-colores-de-islantilla-pone-broche-final-al-cuarto-festival-de-las-artes-y-las-letras\/\">Seguir leyendo&#8230;<\/a><\/p>\n\n\n\n<p class=\"has-pale-ocean-gradient-background has-background has-medium-font-size wp-block-paragraph\"><strong><em>21\/04\/2025<\/em><\/strong> &#8211; Islantilla inaugura la IV edici\u00f3n de su Festival de las Artes y las Letras de Islantilla con una exposici\u00f3n de fotograf\u00edas de Curro Tobarra sobre los fondos de la Biblioteca \u2018Luis Ciges\u2019.<\/p>\n\n\n\n<p class=\"wp-block-paragraph\"><a href=\"https:\/\/www.islantilla.es\/festivalartesyletras\/index.php\/2025\/04\/21\/islantilla-inaugura-la-iv-edicion-de-su-festival-de-las-artes-y-las-letras-de-islantilla-con-una-exposicion-de-fotografias-de-curro-tobarra-sobre-los-fondos-de-la-biblioteca-luis-ciges\/\">Seguir leyendo&#8230;<\/a><\/p>\n\n\n\n<p class=\"has-pale-ocean-gradient-background has-background has-medium-font-size wp-block-paragraph\"><strong><em>07\/04\/2025<\/em><\/strong> &#8211; Mancomunidad presenta la programaci\u00f3n de la IV edici\u00f3n del Festival de las Artes y las Letras.<\/p>\n\n\n\n<p class=\"wp-block-paragraph\"><a href=\"https:\/\/www.islantilla.es\/festivalartesyletras\/index.php\/2025\/04\/07\/mancomunidad-presenta-la-programacion-de-la-iv-edicion-del-festival-de-las-artes-y-las-letras-de-islantilla\/\">Seguir leyendo&#8230;<\/a><\/p>\n\n\n\n<p class=\"has-pale-ocean-gradient-background has-background has-medium-font-size wp-block-paragraph\"><em><strong>17\/03\/2025<\/strong><\/em> &#8211; Islantilla presenta el Cartel anunciador de la cuarta edici\u00f3n de su Festival de las Artes y las Letras de Islantilla, obra de Curro Tobarra.<\/p>\n\n\n\n<p class=\"wp-block-paragraph\"><a href=\"https:\/\/www.islantilla.es\/festivalartesyletras\/index.php\/2025\/03\/17\/islantilla-presenta-el-cartel-anunciador-dela-cuarta-edicion-de-su-festival-de-las-artes-y-las-letras-de-islantilla-obra-de-curro-tobarra\/\">Seguir leyendo&#8230;<\/a><\/p>\n\n\n\n<p class=\"has-pale-ocean-gradient-background has-background has-medium-font-size wp-block-paragraph\"><em><strong>20\/02\/2025<\/strong><\/em> &#8211; Islantilla publica las bases de su IV Festival de las Artes y las Letras.<\/p>\n\n\n\n<p class=\"wp-block-paragraph\"><a href=\"https:\/\/www.islantilla.es\/festivalartesyletras\/index.php\/2025\/02\/20\/islantilla-publica-las-bases-de-la-cuarta-edicion-de-su-festival-de-las-artes-y-las-letras-que-se-celebrara-del-21-al-26-de-abril\/\">Seguir leyendo&#8230;<\/a><\/p>\n\n\n\n<hr class=\"wp-block-separator has-alpha-channel-opacity is-style-dots\"\/>\n\n\n\n<h2 class=\"wp-block-heading has-x-large-font-size\"><span style=\"color: #ffcc00;\"><strong>2024<\/strong><\/span><\/h2>\n\n\n\n<p class=\"has-pale-ocean-gradient-background has-background has-medium-font-size wp-block-paragraph\"><em><strong>27\/04\/2024<\/strong><\/em> &#8211; La XIII Edici\u00f3n del Concurso de Pintura R\u00e1pida &#8216;Colores de Islantilla&#8217; pone broche final al tercer Festival de las Artes y las Letras.<\/p>\n\n\n\n<p class=\"wp-block-paragraph\"><a href=\"https:\/\/www.islantilla.es\/festivalartesyletras\/index.php\/2024\/04\/27\/la-viii-edicion-del-concurso-de-pintura-rapida-colores-de-islantilla-pone-broche-final-al-tercer-festival-de-las-artes-y-las-letras\/\">Seguir leyendo&#8230;<\/a><\/p>\n\n\n\n<p class=\"has-pale-ocean-gradient-background has-background has-medium-font-size wp-block-paragraph\"><em><strong>27\/04\/2024<\/strong><\/em> &#8211; Islantilla celebra un triple encuentro literario con Eva Vaz, Marion Hoogwegt y Xenia Garc\u00eda en su III Festival de las Artes y las Letras.<\/p>\n\n\n\n<p class=\"wp-block-paragraph\"><a href=\"https:\/\/www.islantilla.es\/festivalartesyletras\/index.php\/2024\/04\/27\/islantilla-celebra-un-triple-encuentro-literario-conlas-escritoras-eva-vaz-marion-hoogwegt-y-xenia-garciaen-el-marco-del-iii-festival-de-las-artes-y-las-letras\/\">Seguir leyendo&#8230;<\/a><\/p>\n\n\n\n<p class=\"has-pale-ocean-gradient-background has-background has-medium-font-size wp-block-paragraph\"><em><strong>23\/04\/2024<\/strong><\/em> &#8211; Lectura del Palmar\u00e9s del concurso literario del III Festival de las Artes y las&nbsp; Letras de Islantilla.<\/p>\n\n\n\n<p class=\"wp-block-paragraph\"><a href=\"https:\/\/www.islantilla.es\/festivalartesyletras\/index.php\/2024\/04\/23\/la-orilla-de-nazaret-chia-hoyo-y-ciudad-olvido-de-marhorno-garcia-se-alzan-con-el-premio-del-concurso-literariodel-iii-festival-de-las-artes-y-las-letras-de-islantilla\/\">Seguir leyendo&#8230;<\/a><\/p>\n\n\n\n<p class=\"has-pale-ocean-gradient-background has-background has-medium-font-size wp-block-paragraph\"><em><strong>22\/04\/2024<\/strong><\/em> &#8211; Islantilla inaugura la III edici\u00f3n de su Festival de las Artes y las Letras.<\/p>\n\n\n\n<p class=\"wp-block-paragraph\"><a href=\"https:\/\/www.islantilla.es\/festivalartesyletras\/index.php\/2024\/04\/22\/islantilla-inaugura-la-tercera-edicion-de-su-festival-de-las-artes-y-las-letras\/\">Seguir leyendo&#8230;<\/a><\/p>\n\n\n\n<p class=\"has-pale-ocean-gradient-background has-background has-medium-font-size wp-block-paragraph\"><em><strong>27\/02\/2024<\/strong><\/em> &#8211; Islantilla presenta la tercera edici\u00f3n de su Festival de las Artes y las Letras de Islantilla con novedades especialmente dirigidas al p\u00fablico m\u00e1s joven.<\/p>\n\n\n\n<p class=\"wp-block-paragraph\"><a href=\"https:\/\/www.islantilla.es\/festivalartesyletras\/index.php\/2024\/02\/27\/islantilla-presenta-la-tercera-edicion-desu-festival-de-las-artes-y-las-letras-de-islantillacon-novedades-especialmente-dirigidas-al-publico-mas-joven\/\">Seguir leyendo&#8230;<\/a><\/p>\n\n\n\n<p class=\"has-pale-ocean-gradient-background has-background has-medium-font-size wp-block-paragraph\"><em><strong>12\/02\/2024<\/strong><\/em> &#8211; Islantilla publica las bases de su tercera edici\u00f3n de su Festival de las Artes y las Letras.<\/p>\n\n\n\n<p class=\"wp-block-paragraph\"><a href=\"https:\/\/www.islantilla.es\/festivalartesyletras\/index.php\/2024\/02\/12\/islantilla-publica-las-bases-de-la-tercera-edicion-de-su-festivalde-las-artes-y-las-letras\/\">Seguir leyendo&#8230;<\/a><\/p>\n\n\n\n<hr class=\"wp-block-separator has-alpha-channel-opacity is-style-dots\"\/>\n\n\n\n<!--nextpage-->\n\n\n\n<h2 class=\"wp-block-heading has-x-large-font-size\"><span style=\"color: #ffcc00;\"><strong>2023<\/strong><\/span><\/h2>\n\n\n\n<p class=\"has-pale-ocean-gradient-background has-background has-medium-font-size wp-block-paragraph\"><em><strong>14\/06\/2023<\/strong><\/em> &#8211; La Galer\u00eda del Centro Activo de Islantilla acoge desde ma\u00f1ana una Exposici\u00f3n de todas las obras ganadoras del Concurso de Pintura R\u00e1pida &#8216;Colores de Islantilla&#8217;<\/p>\n\n\n\n<p class=\"wp-block-paragraph\"><a href=\"https:\/\/www.islantilla.es\/festivalartesyletras\/index.php\/2023\/06\/14\/569\/\">Seguir leyendo&#8230;<\/a><\/p>\n\n\n\n<p class=\"has-pale-ocean-gradient-background has-background has-medium-font-size wp-block-paragraph\"><em><strong>22\/04\/2023<\/strong><\/em> &#8211; La VII del Concurso de Pintura R\u00e1pida &#8216;Colores de Islantilla&#8217;, pone broche final al II Festival de las Artes y las Letras.<\/p>\n\n\n\n<p class=\"wp-block-paragraph\"><a href=\"https:\/\/www.islantilla.es\/festivalartesyletras\/index.php\/2023\/04\/22\/613\/\">Seguir leyendo&#8230;<\/a><\/p>\n\n\n\n<p class=\"has-pale-ocean-gradient-background has-background has-medium-font-size wp-block-paragraph\"><em><strong>19\/04\/2023<\/strong><\/em> &#8211; El artista grafitero onubense MANOMATIC trabaja en un nuevo mural art\u00edstico en el marco del II Festival de las Artes y las Letras de Islantilla.<\/p>\n\n\n\n<p class=\"wp-block-paragraph\"><a href=\"https:\/\/www.islantilla.es\/festivalartesyletras\/index.php\/2023\/04\/19\/606\/\">Seguir leyendo&#8230;<\/a><\/p>\n\n\n\n<p class=\"has-pale-ocean-gradient-background has-background has-medium-font-size wp-block-paragraph\"><em><strong>17\/04\/2023<\/strong><\/em> &#8211; Arranca el II Festival de las Artes y las Letras de Islantilla.<\/p>\n\n\n\n<p class=\"wp-block-paragraph\"><a href=\"https:\/\/www.islantilla.es\/festivalartesyletras\/index.php\/2023\/04\/17\/603\/\">Seguir leyendo&#8230;<\/a><\/p>\n\n\n\n<p class=\"has-pale-ocean-gradient-background has-background has-medium-font-size wp-block-paragraph\"><em><strong>14\/03\/2023<\/strong><\/em> &#8211; Islantilla publica las bases de la segunda edici\u00f3n de su Festival de las Artes y las Letras, que se celebrar\u00e1 del 17 al 22 de abril.<\/p>\n\n\n\n<p class=\"wp-block-paragraph\"><a href=\"https:\/\/www.islantilla.es\/festivalartesyletras\/index.php\/2023\/03\/14\/617\/\">Seguir leyendo&#8230;<\/a><\/p>\n\n\n\n<hr class=\"wp-block-separator has-alpha-channel-opacity is-style-dots\"\/>\n\n\n\n<h2 class=\"wp-block-heading has-x-large-font-size\"><span style=\"color: #ffcc00;\"><strong>2022<\/strong><\/span><\/h2>\n\n\n\n<p class=\"has-pale-ocean-gradient-background has-background has-medium-font-size wp-block-paragraph\"><em><strong>28\/05\/2022<\/strong><\/em> &#8211; La VI edici\u00f3n del Concurso de Pintura R\u00e1pida &#8216;Colores de Islantilla pone broche final al I Festival de las Artes y las Letras de Islantilla.<\/p>\n\n\n\n<p class=\"wp-block-paragraph\"><a href=\"https:\/\/www.islantilla.es\/festivalartesyletras\/index.php\/2022\/05\/28\/600\/\">Seguir leyendo&#8230;<\/a><\/p>\n\n\n\n<p class=\"has-pale-ocean-gradient-background has-background has-medium-font-size wp-block-paragraph\"><em><strong>23\/05\/2022<\/strong><\/em> &#8211; Arranca el I Festival de las Artes y las Letras de Islantilla.<\/p>\n\n\n\n<p class=\"wp-block-paragraph\"><a href=\"https:\/\/www.islantilla.es\/festivalartesyletras\/index.php\/2022\/05\/23\/595\/\">Seguir leyendo&#8230;<\/a><\/p>\n\n\n\n<p class=\"has-pale-ocean-gradient-background has-background has-medium-font-size wp-block-paragraph\"><em><strong>25\/04\/2022<\/strong><\/em> &#8211; Islantilla presenta la primera edici\u00f3n del Festival de las Artes y las Letras que se celebrar\u00e1 del 23 al 28 de mayo.<\/p>\n\n\n\n<p class=\"wp-block-paragraph\"><a href=\"https:\/\/www.islantilla.es\/festivalartesyletras\/index.php\/2022\/04\/25\/588\/\">Seguir leyendo&#8230;<\/a><\/p>\n\n\n\n<p class=\"wp-block-paragraph\">&nbsp;<\/p>\n\n\n\n<p class=\"wp-block-paragraph\"><\/p>\n","protected":false},"excerpt":{"rendered":"<p>2026 25\/04\/2026 &#8211; La V edici\u00f3n del Concurso de Pintura R\u00e1pida &#8216;Colores de Islantilla&#8217; pone broche final al quinto Festival de las Artes y las Letras Seguir leyendo&#8230; 23\/04\/2026 &#8211; &hellip; <\/p>\n","protected":false},"author":2,"featured_media":0,"parent":0,"menu_order":0,"comment_status":"closed","ping_status":"closed","template":"","meta":{"footnotes":""},"class_list":["post-326","page","type-page","status-publish","hentry"],"_links":{"self":[{"href":"https:\/\/www.islantilla.es\/festivalartesyletras\/index.php\/wp-json\/wp\/v2\/pages\/326","targetHints":{"allow":["GET"]}}],"collection":[{"href":"https:\/\/www.islantilla.es\/festivalartesyletras\/index.php\/wp-json\/wp\/v2\/pages"}],"about":[{"href":"https:\/\/www.islantilla.es\/festivalartesyletras\/index.php\/wp-json\/wp\/v2\/types\/page"}],"author":[{"embeddable":true,"href":"https:\/\/www.islantilla.es\/festivalartesyletras\/index.php\/wp-json\/wp\/v2\/users\/2"}],"replies":[{"embeddable":true,"href":"https:\/\/www.islantilla.es\/festivalartesyletras\/index.php\/wp-json\/wp\/v2\/comments?post=326"}],"version-history":[{"count":37,"href":"https:\/\/www.islantilla.es\/festivalartesyletras\/index.php\/wp-json\/wp\/v2\/pages\/326\/revisions"}],"predecessor-version":[{"id":1967,"href":"https:\/\/www.islantilla.es\/festivalartesyletras\/index.php\/wp-json\/wp\/v2\/pages\/326\/revisions\/1967"}],"wp:attachment":[{"href":"https:\/\/www.islantilla.es\/festivalartesyletras\/index.php\/wp-json\/wp\/v2\/media?parent=326"}],"curies":[{"name":"wp","href":"https:\/\/api.w.org\/{rel}","templated":true}]}}