{"id":1669,"date":"2026-03-11T12:58:07","date_gmt":"2026-03-11T11:58:07","guid":{"rendered":"https:\/\/www.islantilla.es\/festivalartesyletras\/?page_id=1669"},"modified":"2026-03-25T12:54:28","modified_gmt":"2026-03-25T11:54:28","slug":"programa-2026","status":"publish","type":"page","link":"https:\/\/www.islantilla.es\/festivalartesyletras\/index.php\/programa-2026\/","title":{"rendered":"PROGRAMA 2026"},"content":{"rendered":"\n<p class=\"wp-block-paragraph\"><strong>V FESTIVAL DE LAS ARTES Y LAS LETRAS DE ISLANTILLA<\/strong><\/p>\n\n\n\n<p class=\"wp-block-paragraph\"><em>Del 20 al 25 de abril de 2026<\/em><\/p>\n\n\n\n<div class=\"wp-block-media-text is-stacked-on-mobile\" style=\"grid-template-columns:25% auto\"><figure class=\"wp-block-media-text__media\"><a href=\"https:\/\/www.islantilla.es\/festivalartesyletras\/wp-content\/uploads\/2026\/03\/CARTEL-MEDITARTE-scaled.jpg\"><img loading=\"lazy\" decoding=\"async\" width=\"724\" height=\"1024\" src=\"https:\/\/www.islantilla.es\/festivalartesyletras\/wp-content\/uploads\/2026\/03\/CARTEL-MEDITARTE-724x1024.jpg\" alt=\"\" class=\"wp-image-1729 size-full\" srcset=\"https:\/\/www.islantilla.es\/festivalartesyletras\/wp-content\/uploads\/2026\/03\/CARTEL-MEDITARTE-724x1024.jpg 724w, https:\/\/www.islantilla.es\/festivalartesyletras\/wp-content\/uploads\/2026\/03\/CARTEL-MEDITARTE-212x300.jpg 212w, https:\/\/www.islantilla.es\/festivalartesyletras\/wp-content\/uploads\/2026\/03\/CARTEL-MEDITARTE-768x1086.jpg 768w, https:\/\/www.islantilla.es\/festivalartesyletras\/wp-content\/uploads\/2026\/03\/CARTEL-MEDITARTE-1086x1536.jpg 1086w, https:\/\/www.islantilla.es\/festivalartesyletras\/wp-content\/uploads\/2026\/03\/CARTEL-MEDITARTE-1448x2048.jpg 1448w, https:\/\/www.islantilla.es\/festivalartesyletras\/wp-content\/uploads\/2026\/03\/CARTEL-MEDITARTE-scaled.jpg 1810w\" sizes=\"auto, (max-width: 724px) 100vw, 724px\" \/><\/a><\/figure><div class=\"wp-block-media-text__content\">\n<p class=\"wp-block-paragraph\"><strong>20 DE ABRIL<\/strong><\/p>\n\n\n\n<p class=\"wp-block-paragraph\">12:00 horas. Inauguraci\u00f3n de la Exposici\u00f3n \u201cColectiva John Holland Gallery\u201d. Proyecto MeditArte. La Galer\u00eda. Centro Activo de Islantilla.<\/p>\n\n\n\n<p class=\"wp-block-paragraph\"><a href=\"https:\/\/www.islantilla.es\/festivalartesyletras\/index.php\/meditarte\/\">M\u00c1S INFORMACI\u00d3N<\/a><\/p>\n<\/div><\/div>\n\n\n\n<div class=\"wp-block-media-text has-media-on-the-right is-stacked-on-mobile\" style=\"grid-template-columns:auto 25%\"><div class=\"wp-block-media-text__content\">\n<p class=\"wp-block-paragraph\"><strong>21 DE ABRIL<\/strong><\/p>\n\n\n\n<p class=\"wp-block-paragraph\">10:00 horas. Visita guiada para alumnado del CEIP Las Gaviotas:<br>Exposici\u00f3n \u201cColectiva John Holland Galery\u201d, exposici\u00f3n Ganadores del Concurso de Pintura R\u00e1pida \u2018Colores de Islantilla\u2019 2025 y Biblioteca Luis Ciges. Centro Activo de Islantilla.<\/p>\n<\/div><figure class=\"wp-block-media-text__media\"><a href=\"https:\/\/www.islantilla.es\/festivalartesyletras\/wp-content\/uploads\/2026\/03\/20250424_103047-scaled.jpg\"><img loading=\"lazy\" decoding=\"async\" width=\"768\" height=\"1024\" src=\"https:\/\/www.islantilla.es\/festivalartesyletras\/wp-content\/uploads\/2026\/03\/20250424_103047-768x1024.jpg\" alt=\"\" class=\"wp-image-1766 size-full\" srcset=\"https:\/\/www.islantilla.es\/festivalartesyletras\/wp-content\/uploads\/2026\/03\/20250424_103047-768x1024.jpg 768w, https:\/\/www.islantilla.es\/festivalartesyletras\/wp-content\/uploads\/2026\/03\/20250424_103047-225x300.jpg 225w, https:\/\/www.islantilla.es\/festivalartesyletras\/wp-content\/uploads\/2026\/03\/20250424_103047-1152x1536.jpg 1152w, https:\/\/www.islantilla.es\/festivalartesyletras\/wp-content\/uploads\/2026\/03\/20250424_103047-1536x2048.jpg 1536w, https:\/\/www.islantilla.es\/festivalartesyletras\/wp-content\/uploads\/2026\/03\/20250424_103047-scaled.jpg 1920w\" sizes=\"auto, (max-width: 768px) 100vw, 768px\" \/><\/a><\/figure><\/div>\n\n\n\n<div class=\"wp-block-media-text is-stacked-on-mobile\" style=\"grid-template-columns:30% auto\"><figure class=\"wp-block-media-text__media\"><a href=\"https:\/\/www.islantilla.es\/festivalartesyletras\/wp-content\/uploads\/2026\/03\/Foto-biblio.jpg\"><img loading=\"lazy\" decoding=\"async\" width=\"1024\" height=\"646\" src=\"https:\/\/www.islantilla.es\/festivalartesyletras\/wp-content\/uploads\/2026\/03\/Foto-biblio-1024x646.jpg\" alt=\"\" class=\"wp-image-1639 size-full\" srcset=\"https:\/\/www.islantilla.es\/festivalartesyletras\/wp-content\/uploads\/2026\/03\/Foto-biblio-1024x646.jpg 1024w, https:\/\/www.islantilla.es\/festivalartesyletras\/wp-content\/uploads\/2026\/03\/Foto-biblio-300x189.jpg 300w, https:\/\/www.islantilla.es\/festivalartesyletras\/wp-content\/uploads\/2026\/03\/Foto-biblio-768x484.jpg 768w, https:\/\/www.islantilla.es\/festivalartesyletras\/wp-content\/uploads\/2026\/03\/Foto-biblio-1536x969.jpg 1536w, https:\/\/www.islantilla.es\/festivalartesyletras\/wp-content\/uploads\/2026\/03\/Foto-biblio.jpg 1600w\" sizes=\"auto, (max-width: 1024px) 100vw, 1024px\" \/><\/a><\/figure><div class=\"wp-block-media-text__content\">\n<p class=\"wp-block-paragraph\"><strong>22 DE ABRIL<\/strong><\/p>\n\n\n\n<p class=\"wp-block-paragraph\">10:00 horas. Espect\u00e1culo de Narraci\u00f3n Oral &#8216;Una historia en cada cosa&#8217;, con Anabel Gandullo. Para los escolares del CEIP Las Gaviotas. Patio del Centro Activo de Islantilla.<\/p>\n\n\n\n<p class=\"wp-block-paragraph\"><a href=\"https:\/\/www.islantilla.es\/festivalartesyletras\/index.php\/espectaculo-de-narracion-oral-una-historia-en-cada-cosa-dirigida-al-alumnado-de-primaria-del-ceip-las-gaviotas-a-cargo-de-la-narradora-oral-anabel-gandullo\/\"><\/a><a href=\"https:\/\/www.islantilla.es\/festivalartesyletras\/index.php\/espectaculo-de-narracion-oral-una-historia-en-cada-cosa-dirigida-al-alumnado-de-primaria-del-ceip-las-gaviotas-a-cargo-de-la-narradora-oral-anabel-gandullo\/\" data-type=\"link\" data-id=\"https:\/\/www.islantilla.es\/festivalartesyletras\/index.php\/espectaculo-de-narracion-oral-una-historia-en-cada-cosa-dirigida-al-alumnado-de-primaria-del-ceip-las-gaviotas-a-cargo-de-la-narradora-oral-anabel-gandullo\/\">M\u00c1S INFORMACI\u00d3N<\/a><\/p>\n<\/div><\/div>\n\n\n\n<div class=\"wp-block-media-text has-media-on-the-right is-stacked-on-mobile\" style=\"grid-template-columns:auto 25%\"><div class=\"wp-block-media-text__content\">\n<p class=\"wp-block-paragraph\"><strong>23 DE ABRIL<\/strong><\/p>\n\n\n\n<p class=\"wp-block-paragraph\">&#8211; 12:30 horas. Fallo del Jurado del V Concurso de Poes\u00eda, Microrrelato y Nanorrelato \u2018Letras de Islantilla\u2019, coincidiendo con la celebraci\u00f3n del D\u00eda del Libro. La Galer\u00eda, Centro Activo de Islantilla.<\/p>\n\n\n\n<p class=\"wp-block-paragraph\">&#8211; 18:00 horas. Presentaci\u00f3n del poemario <em>Nada m\u00e1s<\/em> (Ed. Isla Elefante) a cargo de su autor, Manuel Gonz\u00e1lez Mairena; con la participaci\u00f3n de los miembros del C\u00edrculo de Lectura \u2018Biblioteca Luis Ciges\u2019 de Islantilla.<\/p>\n\n\n\n<p class=\"wp-block-paragraph\"><a href=\"https:\/\/www.islantilla.es\/festivalartesyletras\/index.php\/encuentro-con-el-escritor-manuel-gonzalez-mairena-en-la-presentacion-de-su-poemario-nada-mas-con-la-participacion-de-los-miembros-del-circulo-de-lectura-biblioteca-luis-ciges\/\"><\/a><a href=\"https:\/\/www.islantilla.es\/festivalartesyletras\/index.php\/encuentro-con-el-escritor-manuel-gonzalez-mairena-en-la-presentacion-de-su-poemario-nada-mas-con-la-participacion-de-los-miembros-del-circulo-de-lectura-biblioteca-luis-ciges\/\">M\u00c1S INFORMACI\u00d3N<\/a><\/p>\n<\/div><figure class=\"wp-block-media-text__media\"><a href=\"https:\/\/www.islantilla.es\/festivalartesyletras\/wp-content\/uploads\/2026\/03\/Cartel-Presentacion-Poemario-Nada-Mas-23-abril-scaled.jpg\"><img loading=\"lazy\" decoding=\"async\" width=\"724\" height=\"1024\" src=\"https:\/\/www.islantilla.es\/festivalartesyletras\/wp-content\/uploads\/2026\/03\/Cartel-Presentacion-Poemario-Nada-Mas-23-abril-724x1024.jpg\" alt=\"\" class=\"wp-image-1653 size-full\" srcset=\"https:\/\/www.islantilla.es\/festivalartesyletras\/wp-content\/uploads\/2026\/03\/Cartel-Presentacion-Poemario-Nada-Mas-23-abril-724x1024.jpg 724w, https:\/\/www.islantilla.es\/festivalartesyletras\/wp-content\/uploads\/2026\/03\/Cartel-Presentacion-Poemario-Nada-Mas-23-abril-212x300.jpg 212w, https:\/\/www.islantilla.es\/festivalartesyletras\/wp-content\/uploads\/2026\/03\/Cartel-Presentacion-Poemario-Nada-Mas-23-abril-768x1086.jpg 768w, https:\/\/www.islantilla.es\/festivalartesyletras\/wp-content\/uploads\/2026\/03\/Cartel-Presentacion-Poemario-Nada-Mas-23-abril-1086x1536.jpg 1086w, https:\/\/www.islantilla.es\/festivalartesyletras\/wp-content\/uploads\/2026\/03\/Cartel-Presentacion-Poemario-Nada-Mas-23-abril-1448x2048.jpg 1448w, https:\/\/www.islantilla.es\/festivalartesyletras\/wp-content\/uploads\/2026\/03\/Cartel-Presentacion-Poemario-Nada-Mas-23-abril-scaled.jpg 1810w\" sizes=\"auto, (max-width: 724px) 100vw, 724px\" \/><\/a><\/figure><\/div>\n\n\n\n<div class=\"wp-block-media-text is-stacked-on-mobile\" style=\"grid-template-columns:25% auto\"><figure class=\"wp-block-media-text__media\"><a href=\"https:\/\/www.islantilla.es\/festivalartesyletras\/wp-content\/uploads\/2026\/03\/Cartel-Taller-Gyotaku-Floral-2026-scaled.jpg\"><img loading=\"lazy\" decoding=\"async\" width=\"724\" height=\"1024\" src=\"https:\/\/www.islantilla.es\/festivalartesyletras\/wp-content\/uploads\/2026\/03\/Cartel-Taller-Gyotaku-Floral-2026-724x1024.jpg\" alt=\"\" class=\"wp-image-1680 size-full\" srcset=\"https:\/\/www.islantilla.es\/festivalartesyletras\/wp-content\/uploads\/2026\/03\/Cartel-Taller-Gyotaku-Floral-2026-724x1024.jpg 724w, https:\/\/www.islantilla.es\/festivalartesyletras\/wp-content\/uploads\/2026\/03\/Cartel-Taller-Gyotaku-Floral-2026-212x300.jpg 212w, https:\/\/www.islantilla.es\/festivalartesyletras\/wp-content\/uploads\/2026\/03\/Cartel-Taller-Gyotaku-Floral-2026-768x1086.jpg 768w, https:\/\/www.islantilla.es\/festivalartesyletras\/wp-content\/uploads\/2026\/03\/Cartel-Taller-Gyotaku-Floral-2026-1086x1536.jpg 1086w, https:\/\/www.islantilla.es\/festivalartesyletras\/wp-content\/uploads\/2026\/03\/Cartel-Taller-Gyotaku-Floral-2026-1448x2048.jpg 1448w, https:\/\/www.islantilla.es\/festivalartesyletras\/wp-content\/uploads\/2026\/03\/Cartel-Taller-Gyotaku-Floral-2026-scaled.jpg 1810w\" sizes=\"auto, (max-width: 724px) 100vw, 724px\" \/><\/a><\/figure><div class=\"wp-block-media-text__content\">\n<p class=\"wp-block-paragraph\"><strong>24 DE ABRIL<\/strong><\/p>\n\n\n\n<p class=\"wp-block-paragraph\">&#8211; De 18:30 a 20:30 horas: Taller de &#8216;Gyotaku floral&#8217;. El arte milenario japon\u00e9s de la estampaci\u00f3n vegetal, taller a cargo del Colectivo Pacop\u00e9rez. Patio del Centro Activo de Islantilla.<\/p>\n\n\n\n<p class=\"wp-block-paragraph\"><a href=\"https:\/\/www.islantilla.es\/festivalartesyletras\/index.php\/taller-de-gyotaku-el-arte-japones-de-la-estampacion-floral\/\"><\/a><a href=\"https:\/\/www.islantilla.es\/festivalartesyletras\/index.php\/taller-de-gyotaku-el-arte-japones-de-la-estampacion-floral\/\">M\u00c1S INFORMACI\u00d3N<\/a><\/p>\n\n\n\n<p class=\"wp-block-paragraph\">&#8211; 18:30 horas: Sesi\u00f3n de Fotoperiodismo del alumnado del Taller de Fotograf\u00eda con M\u00f3vil para J\u00f3venes. Centro Activo de Islantilla.<\/p>\n<\/div><\/div>\n\n\n\n<div class=\"wp-block-media-text has-media-on-the-right is-stacked-on-mobile\" style=\"grid-template-columns:auto 25%\"><div class=\"wp-block-media-text__content\">\n<p class=\"wp-block-paragraph\"><strong>25 DE ABRIL<\/strong><\/p>\n\n\n\n<p class=\"wp-block-paragraph\">&#8211; De 9:30 a 14:00 horas. Celebraci\u00f3n del X Concurso de Pintura R\u00e1pida \u2018Colores de Islantilla\u2019. Parque El Camale\u00f3n.<\/p>\n\n\n\n<p class=\"wp-block-paragraph\"><a href=\"https:\/\/www.islantilla.es\/festivalartesyletras\/index.php\/concurso-de-pintura\/\"><\/a><a href=\"https:\/\/www.islantilla.es\/festivalartesyletras\/index.php\/concurso-de-pintura\/\">M\u00c1S INFORMACI\u00d3N<\/a><\/p>\n\n\n\n<p class=\"wp-block-paragraph\"><\/p>\n<\/div><figure class=\"wp-block-media-text__media\"><a href=\"https:\/\/www.islantilla.es\/festivalartesyletras\/wp-content\/uploads\/2026\/02\/Cartel-X-Concurso-Pintura-Rapida-2026-scaled.jpg\"><img loading=\"lazy\" decoding=\"async\" width=\"683\" height=\"1024\" src=\"https:\/\/www.islantilla.es\/festivalartesyletras\/wp-content\/uploads\/2026\/02\/Cartel-X-Concurso-Pintura-Rapida-2026-683x1024.jpg\" alt=\"\" class=\"wp-image-1570 size-full\" srcset=\"https:\/\/www.islantilla.es\/festivalartesyletras\/wp-content\/uploads\/2026\/02\/Cartel-X-Concurso-Pintura-Rapida-2026-683x1024.jpg 683w, https:\/\/www.islantilla.es\/festivalartesyletras\/wp-content\/uploads\/2026\/02\/Cartel-X-Concurso-Pintura-Rapida-2026-200x300.jpg 200w, https:\/\/www.islantilla.es\/festivalartesyletras\/wp-content\/uploads\/2026\/02\/Cartel-X-Concurso-Pintura-Rapida-2026-768x1152.jpg 768w, https:\/\/www.islantilla.es\/festivalartesyletras\/wp-content\/uploads\/2026\/02\/Cartel-X-Concurso-Pintura-Rapida-2026-1024x1536.jpg 1024w, https:\/\/www.islantilla.es\/festivalartesyletras\/wp-content\/uploads\/2026\/02\/Cartel-X-Concurso-Pintura-Rapida-2026-1365x2048.jpg 1365w, https:\/\/www.islantilla.es\/festivalartesyletras\/wp-content\/uploads\/2026\/02\/Cartel-X-Concurso-Pintura-Rapida-2026-scaled.jpg 1707w\" sizes=\"auto, (max-width: 683px) 100vw, 683px\" \/><\/a><\/figure><\/div>\n\n\n\n<div class=\"wp-block-media-text is-stacked-on-mobile\" style=\"grid-template-columns:25% auto\"><figure class=\"wp-block-media-text__media\"><a href=\"https:\/\/www.islantilla.es\/festivalartesyletras\/wp-content\/uploads\/2026\/03\/Mercadillo-del-Libro-Solidario-2026-scaled.jpg\"><img loading=\"lazy\" decoding=\"async\" width=\"683\" height=\"1024\" src=\"https:\/\/www.islantilla.es\/festivalartesyletras\/wp-content\/uploads\/2026\/03\/Mercadillo-del-Libro-Solidario-2026-683x1024.jpg\" alt=\"\" class=\"wp-image-1776 size-full\" srcset=\"https:\/\/www.islantilla.es\/festivalartesyletras\/wp-content\/uploads\/2026\/03\/Mercadillo-del-Libro-Solidario-2026-683x1024.jpg 683w, https:\/\/www.islantilla.es\/festivalartesyletras\/wp-content\/uploads\/2026\/03\/Mercadillo-del-Libro-Solidario-2026-200x300.jpg 200w, https:\/\/www.islantilla.es\/festivalartesyletras\/wp-content\/uploads\/2026\/03\/Mercadillo-del-Libro-Solidario-2026-768x1152.jpg 768w, https:\/\/www.islantilla.es\/festivalartesyletras\/wp-content\/uploads\/2026\/03\/Mercadillo-del-Libro-Solidario-2026-1024x1536.jpg 1024w, https:\/\/www.islantilla.es\/festivalartesyletras\/wp-content\/uploads\/2026\/03\/Mercadillo-del-Libro-Solidario-2026-1365x2048.jpg 1365w, https:\/\/www.islantilla.es\/festivalartesyletras\/wp-content\/uploads\/2026\/03\/Mercadillo-del-Libro-Solidario-2026-scaled.jpg 1707w\" sizes=\"auto, (max-width: 683px) 100vw, 683px\" \/><\/a><\/figure><div class=\"wp-block-media-text__content\">\n<p class=\"wp-block-paragraph\">&#8211; De 10:30 a 19:30 horas. Mercadillo del Libro Solidario Ong Ayre Solidario. Paseo Mar\u00edtimo de Islantilla.<\/p>\n\n\n\n<p class=\"wp-block-paragraph\"><a href=\"https:\/\/www.islantilla.es\/festivalartesyletras\/index.php\/mercadillo-del-libro-solidario-ong-ayre-solidario\/\"><\/a><a href=\"https:\/\/www.islantilla.es\/festivalartesyletras\/index.php\/mercadillo-del-libro-solidario-ong-ayre-solidario\/\">M\u00c1S INFORMACI\u00d3N<\/a><\/p>\n<\/div><\/div>\n\n\n\n<p class=\"wp-block-paragraph\"><\/p>\n","protected":false},"excerpt":{"rendered":"<p>V FESTIVAL DE LAS ARTES Y LAS LETRAS DE ISLANTILLA Del 20 al 25 de abril de 2026 20 DE ABRIL 12:00 horas. Inauguraci\u00f3n de la Exposici\u00f3n \u201cColectiva John Holland &hellip; <\/p>\n","protected":false},"author":2,"featured_media":0,"parent":0,"menu_order":0,"comment_status":"closed","ping_status":"closed","template":"","meta":{"footnotes":""},"class_list":["post-1669","page","type-page","status-publish","hentry"],"_links":{"self":[{"href":"https:\/\/www.islantilla.es\/festivalartesyletras\/index.php\/wp-json\/wp\/v2\/pages\/1669","targetHints":{"allow":["GET"]}}],"collection":[{"href":"https:\/\/www.islantilla.es\/festivalartesyletras\/index.php\/wp-json\/wp\/v2\/pages"}],"about":[{"href":"https:\/\/www.islantilla.es\/festivalartesyletras\/index.php\/wp-json\/wp\/v2\/types\/page"}],"author":[{"embeddable":true,"href":"https:\/\/www.islantilla.es\/festivalartesyletras\/index.php\/wp-json\/wp\/v2\/users\/2"}],"replies":[{"embeddable":true,"href":"https:\/\/www.islantilla.es\/festivalartesyletras\/index.php\/wp-json\/wp\/v2\/comments?post=1669"}],"version-history":[{"count":42,"href":"https:\/\/www.islantilla.es\/festivalartesyletras\/index.php\/wp-json\/wp\/v2\/pages\/1669\/revisions"}],"predecessor-version":[{"id":1785,"href":"https:\/\/www.islantilla.es\/festivalartesyletras\/index.php\/wp-json\/wp\/v2\/pages\/1669\/revisions\/1785"}],"wp:attachment":[{"href":"https:\/\/www.islantilla.es\/festivalartesyletras\/index.php\/wp-json\/wp\/v2\/media?parent=1669"}],"curies":[{"name":"wp","href":"https:\/\/api.w.org\/{rel}","templated":true}]}}