{"id":1094,"date":"2025-03-20T11:47:17","date_gmt":"2025-03-20T10:47:17","guid":{"rendered":"https:\/\/www.islantilla.es\/festivalartesyletras\/?page_id=1094"},"modified":"2025-03-20T11:47:17","modified_gmt":"2025-03-20T10:47:17","slug":"espacio-de-creacion-plastica-colectiva-con-mayka-g-marquez","status":"publish","type":"page","link":"https:\/\/www.islantilla.es\/festivalartesyletras\/index.php\/espacio-de-creacion-plastica-colectiva-con-mayka-g-marquez\/","title":{"rendered":"ESPACIO DE CREACI\u00d3N PL\u00c1STICA COLECTIVA CON MAYKA G. M\u00c1RQUEZ"},"content":{"rendered":"<p style=\"text-align: justify;\">26 de abril de 2025, de 10:30 a 13:30 horas. Paseo Mar\u00edtimo de Islantilla (frente al Centro Comercial)<\/p>\n<p class=\"western\" style=\"text-align: justify;\"><span style=\"font-family: Arial, sans-serif;\"><span style=\"font-size: medium;\">A trav\u00e9s de la apertura de un espacio de creaci\u00f3n pl\u00e1stica colectiva, esta actividad de tipo colaborativo, que estar\u00e1 asisitida en todo momento por la artista pl\u00e1stica Mayka G. M\u00e1rquez (Academia Akitextura), ha sido dise\u00f1ada expresamente como una introducci\u00f3n, amena y l\u00fadica, a las t\u00e9cnicas esenciales de la pintura r\u00e1pida.<a href=\"https:\/\/www.islantilla.es\/festivalartesyletras\/wp-content\/uploads\/2025\/03\/Cartel-Espacio-de-Creacion-Plastica-scaled.jpg\"><img loading=\"lazy\" decoding=\"async\" class=\"aligncenter wp-image-1047 size-medium\" src=\"https:\/\/www.islantilla.es\/festivalartesyletras\/wp-content\/uploads\/2025\/03\/Cartel-Espacio-de-Creacion-Plastica-212x300.jpg\" alt=\"\" width=\"212\" height=\"300\" srcset=\"https:\/\/www.islantilla.es\/festivalartesyletras\/wp-content\/uploads\/2025\/03\/Cartel-Espacio-de-Creacion-Plastica-212x300.jpg 212w, https:\/\/www.islantilla.es\/festivalartesyletras\/wp-content\/uploads\/2025\/03\/Cartel-Espacio-de-Creacion-Plastica-scaled.jpg 1810w\" sizes=\"auto, (max-width: 212px) 100vw, 212px\" \/><\/a><\/span><\/span><\/p>\n<p class=\"western\" style=\"text-align: justify;\"><span style=\"font-family: Arial, sans-serif;\"><span style=\"font-size: medium;\">Abierta a todos los p\u00fablicos y sin necesidad de inscripci\u00f3n previa.<\/span><\/span><\/p>\n<p>&nbsp;<\/p>\n<p>&nbsp;<\/p>\n<p>&nbsp;<\/p>\n","protected":false},"excerpt":{"rendered":"<p>26 de abril de 2025, de 10:30 a 13:30 horas. Paseo Mar\u00edtimo de Islantilla (frente al Centro Comercial) A trav\u00e9s de la apertura de un espacio de creaci\u00f3n pl\u00e1stica colectiva, &hellip; <\/p>\n","protected":false},"author":2,"featured_media":0,"parent":0,"menu_order":0,"comment_status":"closed","ping_status":"closed","template":"","meta":{"footnotes":""},"class_list":["post-1094","page","type-page","status-publish","hentry"],"_links":{"self":[{"href":"https:\/\/www.islantilla.es\/festivalartesyletras\/index.php\/wp-json\/wp\/v2\/pages\/1094","targetHints":{"allow":["GET"]}}],"collection":[{"href":"https:\/\/www.islantilla.es\/festivalartesyletras\/index.php\/wp-json\/wp\/v2\/pages"}],"about":[{"href":"https:\/\/www.islantilla.es\/festivalartesyletras\/index.php\/wp-json\/wp\/v2\/types\/page"}],"author":[{"embeddable":true,"href":"https:\/\/www.islantilla.es\/festivalartesyletras\/index.php\/wp-json\/wp\/v2\/users\/2"}],"replies":[{"embeddable":true,"href":"https:\/\/www.islantilla.es\/festivalartesyletras\/index.php\/wp-json\/wp\/v2\/comments?post=1094"}],"version-history":[{"count":1,"href":"https:\/\/www.islantilla.es\/festivalartesyletras\/index.php\/wp-json\/wp\/v2\/pages\/1094\/revisions"}],"predecessor-version":[{"id":1095,"href":"https:\/\/www.islantilla.es\/festivalartesyletras\/index.php\/wp-json\/wp\/v2\/pages\/1094\/revisions\/1095"}],"wp:attachment":[{"href":"https:\/\/www.islantilla.es\/festivalartesyletras\/index.php\/wp-json\/wp\/v2\/media?parent=1094"}],"curies":[{"name":"wp","href":"https:\/\/api.w.org\/{rel}","templated":true}]}}