{"id":3448,"date":"2024-10-29T12:16:48","date_gmt":"2024-10-29T11:16:48","guid":{"rendered":"https:\/\/www.islantilla.es\/?page_id=3448"},"modified":"2024-10-31T13:20:07","modified_gmt":"2024-10-31T12:20:07","slug":"perito-en-lunas-miguel-hernandez","status":"publish","type":"page","link":"https:\/\/www.islantilla.es\/de\/perito-en-lunas-miguel-hernandez\/","title":{"rendered":"Mondexperte Miguel Hern\u00e1ndez"},"content":{"rendered":"<div data-elementor-type=\"wp-page\" data-elementor-id=\"3448\" class=\"elementor elementor-3448\" data-elementor-post-type=\"page\">\n\t\t\t\t<div class=\"elementor-element elementor-element-a167561 e-con-full e-flex e-con e-parent\" data-id=\"a167561\" data-element_type=\"container\" data-e-type=\"container\">\n\t\t<div class=\"elementor-element elementor-element-59a796e e-con-full e-flex e-con e-child\" data-id=\"59a796e\" data-element_type=\"container\" data-e-type=\"container\" data-settings=\"{&quot;background_background&quot;:&quot;classic&quot;}\">\n\t\t\t\t<\/div>\n\t\t<div class=\"elementor-element elementor-element-fb060c0 e-con-full e-flex e-con e-child\" data-id=\"fb060c0\" data-element_type=\"container\" data-e-type=\"container\">\n\t\t\t\t<div class=\"elementor-element elementor-element-75cc7fa elementor-widget elementor-widget-heading\" data-id=\"75cc7fa\" data-element_type=\"widget\" data-e-type=\"widget\" data-widget_type=\"heading.default\">\n\t\t\t\t\t<h2 class=\"elementor-heading-title elementor-size-default\">Experte f\u00fcr Monde,<\/h2>\t\t\t\t<\/div>\n\t\t\t\t<div class=\"elementor-element elementor-element-ca2443e elementor-widget elementor-widget-heading\" data-id=\"ca2443e\" data-element_type=\"widget\" data-e-type=\"widget\" data-widget_type=\"heading.default\">\n\t\t\t\t\t<h2 class=\"elementor-heading-title elementor-size-default\">Miguel Hernandez<\/h2>\t\t\t\t<\/div>\n\t\t\t\t<div class=\"elementor-element elementor-element-0d9b7cc elementor-widget elementor-widget-spacer\" data-id=\"0d9b7cc\" data-element_type=\"widget\" data-e-type=\"widget\" data-widget_type=\"spacer.default\">\n\t\t\t\t\t\t\t<div class=\"elementor-spacer\">\n\t\t\t<div class=\"elementor-spacer-inner\"><\/div>\n\t\t<\/div>\n\t\t\t\t\t\t<\/div>\n\t\t\t\t<div class=\"elementor-element elementor-element-6e514bc elementor-widget elementor-widget-text-editor\" data-id=\"6e514bc\" data-element_type=\"widget\" data-e-type=\"widget\" data-widget_type=\"text-editor.default\">\n\t\t\t\t\t\t\t\t\t<p>Miguel Hern\u00e1ndez\u2018 erstes Buch, Perito en Lunas, erschien 1933 und vermittelt uns das Bild eines Hirtenlehrlings bei einem Dichter. Der junge Mann war nach einem Aufenthalt in Madrid, der vom gongorianischen Einfluss der Generation von 1927 gepr\u00e4gt war, in seine Heimat Orihuela zur\u00fcckgekehrt und beschloss, weiterhin Gedichte zu lesen und zu schreiben, auch wenn die Familientradition sein Schicksal als Hirte bestimmte. Hern\u00e1ndez repr\u00e4sentiert getreu den p\u00e4dagogischen Geist der Free Teaching Institution, die Kultur als Schl\u00fcssel zum Fortschritt der Menschen versteht. Mit dem Staatsstreich von 1936 wurde dieser Traum zerst\u00f6rt, nicht jedoch Hern\u00e1ndez\u2018 Bekenntnis zu den Idealen der sozialen Gerechtigkeit und der Verteidigung der Freiheit. Seine Gedichte wurden immer rachs\u00fcchtiger, was ihm den Spitznamen Volksdichter einbrachte. Er ist Pfarrer und liest, schreibt und liebt, k\u00e4mpft und trauert um den Tod seines Sohnes und schreibt, schreibt ... Seine intimsten Verse entstehen in einigen der vielen Gef\u00e4ngnisse, durch die er immer kr\u00e4nker marschierte, bis zu seinem Tag Tod im M\u00e4rz 1942.<\/p>\t\t\t\t\t\t\t\t<\/div>\n\t\t\t\t<\/div>\n\t\t\t\t<\/div>\n\t\t\t\t<\/div>","protected":false},"excerpt":{"rendered":"<p>Perito en Lunas, Miguel Hern\u00e1ndez El primer libro de Miguel Hern\u00e1ndez, Perito en Lunas, publicado en 1933, nos devuelve la imagen de un pastor aprendiz de poeta. E l joven hab\u00eda vuelto a su Orihuela natal despu\u00e9s de una estancia en Madrid marcado por el influjo gongorino de la Generaci\u00f3n del 27 y resuelto a [&hellip;]<\/p>\n","protected":false},"author":1,"featured_media":0,"parent":0,"menu_order":0,"comment_status":"closed","ping_status":"closed","template":"","meta":{"slim_seo":{"title":"Perito en Lunas, Miguel Hern\u00e1ndez | Islantilla","description":"El primer libro de Miguel Hern\u00e1ndez, Perito en Lunas, publicado en 1933, nos devuelve la imagen de un pastor aprendiz de poeta."},"footnotes":""},"class_list":["post-3448","page","type-page","status-publish","hentry"],"_links":{"self":[{"href":"https:\/\/www.islantilla.es\/de\/wp-json\/wp\/v2\/pages\/3448","targetHints":{"allow":["GET"]}}],"collection":[{"href":"https:\/\/www.islantilla.es\/de\/wp-json\/wp\/v2\/pages"}],"about":[{"href":"https:\/\/www.islantilla.es\/de\/wp-json\/wp\/v2\/types\/page"}],"author":[{"embeddable":true,"href":"https:\/\/www.islantilla.es\/de\/wp-json\/wp\/v2\/users\/1"}],"replies":[{"embeddable":true,"href":"https:\/\/www.islantilla.es\/de\/wp-json\/wp\/v2\/comments?post=3448"}],"version-history":[{"count":10,"href":"https:\/\/www.islantilla.es\/de\/wp-json\/wp\/v2\/pages\/3448\/revisions"}],"predecessor-version":[{"id":3546,"href":"https:\/\/www.islantilla.es\/de\/wp-json\/wp\/v2\/pages\/3448\/revisions\/3546"}],"wp:attachment":[{"href":"https:\/\/www.islantilla.es\/de\/wp-json\/wp\/v2\/media?parent=3448"}],"curies":[{"name":"wp","href":"https:\/\/api.w.org\/{rel}","templated":true}]}}